{"id":12430,"date":"2022-09-30T04:36:56","date_gmt":"2022-09-30T04:36:56","guid":{"rendered":"https:\/\/digitel.swiss\/entrepot-fruits-et-legumes\/"},"modified":"2023-05-11T20:41:03","modified_gmt":"2023-05-11T20:41:03","slug":"gemueselager-und-baeckereien","status":"publish","type":"page","link":"https:\/\/digitel.swiss\/de\/gemueselager-und-baeckereien\/","title":{"rendered":"Industrie, Lagerh\u00e4user und B\u00e4ckereien"},"content":{"rendered":"<div class=\"wpb-content-wrapper\"><p>[vc_row bg_type=&#8221;bg_color&#8221; bg_override=&#8221;ex-full&#8221; css=&#8221;.vc_custom_1619425769293{padding-bottom: 100px !important;}&#8221;][vc_column]<div id=\"ultimate-heading-411669f0e3c12a816\" class=\"uvc-heading ult-adjust-bottom-margin ultimate-heading-411669f0e3c12a816 uvc-2670 accent-border-color uvc-heading-default-font-sizes\" data-hspacer=\"line_only\"  data-halign=\"left\" style=\"text-align:left\"><div class=\"uvc-main-heading ult-responsive\"  data-ultimate-target='.uvc-heading.ultimate-heading-411669f0e3c12a816 h4'  data-responsive-json-new='{\"font-size\":\"\",\"line-height\":\"\"}' ><h4 style=\"--font-weight:theme;\">Lagerh\u00e4user f\u00fcr Obst oder Gem\u00fcse<\/h4><\/div><div class=\"uvc-heading-spacer line_only\" style=\"margin-top:15px;margin-bottom:50px;height:4px;\"><span class=\"uvc-headings-line\" style=\"border-style:solid;border-bottom-width:4px;border-color:#ccc;width:50px;\"><\/span><\/div><\/div>[vc_row_inner][vc_column_inner][vc_column_text]<strong>Leistungsstarke Regelungsl\u00f6sungen f\u00fcr Obst- oder Gem\u00fcselager.<\/strong><\/p>\n<p>Digitel liefert auch spezielle Regelungen f\u00fcr die Verwaltung gro\u00dfer Obst- und Gem\u00fcselager. Sie \u00fcbernehmen die Regelung der Temperatur, der Luftfeuchtigkeit, des Sauerstoffgehalts, des Kohlendioxids, des Ethylens usw. in den R\u00e4umen mit kontrollierter Atmosph\u00e4re.[\/vc_column_text][\/vc_column_inner][\/vc_row_inner][vc_row_inner][\/vc_row_inner][vc_column_inner][\/vc_column_inner]<div id=\"ultimate-heading-306869f0e3c12a879\" class=\"uvc-heading ult-adjust-bottom-margin ultimate-heading-306869f0e3c12a879 uvc-1377 accent-border-color uvc-heading-default-font-sizes\" data-hspacer=\"line_only\"  data-halign=\"left\" style=\"text-align:left\"><div class=\"uvc-main-heading ult-responsive\"  data-ultimate-target='.uvc-heading.ultimate-heading-306869f0e3c12a879 h4'  data-responsive-json-new='{\"font-size\":\"\",\"line-height\":\"\"}' ><h4 style=\"--font-weight:theme;\">B\u00e4ckerei und Sprossenkammern<\/h4><\/div><div class=\"uvc-heading-spacer line_only\" style=\"margin-top:15px;margin-bottom:50px;height:4px;\"><span class=\"uvc-headings-line\" style=\"border-style:solid;border-bottom-width:4px;border-color:#ccc;width:50px;\"><\/span><\/div><\/div>[vc_column_text]<strong>Ma\u00dfgeschneiderte Prozessregulierungsprogramme f\u00fcr B\u00e4ckereien und Backstuben<\/strong><\/p>\n<p>F\u00fcr G\u00e4rkammern oder Labore werden oft spezielle Programme ben\u00f6tigt, bei denen Temperatur, Luftfeuchtigkeit und L\u00fcftergeschwindigkeit genau den vom Benutzer vorgegebenen Kurven folgen. In B\u00e4ckereien muss der Teig z. B. mehrere Stunden lang unter streng definierten, zeitlich variablen Temperatur- und Feuchtigkeitsbedingungen gehalten werden, bevor er in den Ofen geschoben wird. Diese Bedingungen \u00e4ndern sich je nach der Sorte des zu backenden Brotes oder Geb\u00e4cks.<\/p>\n<p>Mit den DC24PROC-Modulen, die in das Teleswin-Fernsteuerungssystem von Digitel integriert sind, kann der Benutzer bis zu 100 verschiedene Programme f\u00fcr Temperatur, Luftfeuchtigkeit und L\u00fcftergeschwindigkeit erstellen. W\u00e4hrend des Betriebs kann der Benutzer das gew\u00e4hlte Programm durch Anklicken auf einem Touchscreen starten.<\/p>\n<p>Laden Sie unsere Brosch\u00fcre herunter, um alle Vorteile zu entdecken, die unser Regelungs- und Fernmanagementsystem f\u00fcr diese Art von Installation erm\u00f6glicht:[\/vc_column_text]<style type=\"text\/css\" data-type=\"the7_shortcodes-inline-css\">#default-btn-3edbd60d30f01ff1f18b41ba4dbf0c80.ico-right-side > i {\n  margin-right: 0px;\n  margin-left: 8px;\n}\n#default-btn-3edbd60d30f01ff1f18b41ba4dbf0c80 > i {\n  margin-right: 8px;\n}<\/style><a href=\"https:\/\/digitel.swiss\/wp-content\/uploads\/2022\/05\/Flyer-Process-DE-web.pdf\" class=\"default-btn-shortcode dt-btn dt-btn-m link-hover-off btn-inline-left  vc_custom_1683706466108\" id=\"default-btn-3edbd60d30f01ff1f18b41ba4dbf0c80\" title=\"Digitel Prozessregulierung \u2013 B\u00e4ckereien und Backstuben\"><span>PDF-Brosch\u00fcre Prozess B\u00e4ckereien<\/span><\/a>[vc_row_inner][\/vc_row_inner]<div id=\"ultimate-heading-655869f0e3c12a9b0\" class=\"uvc-heading ult-adjust-bottom-margin ultimate-heading-655869f0e3c12a9b0 uvc-6738 accent-border-color uvc-heading-default-font-sizes\" data-hspacer=\"line_only\"  data-halign=\"left\" style=\"text-align:left\"><div class=\"uvc-main-heading ult-responsive\"  data-ultimate-target='.uvc-heading.ultimate-heading-655869f0e3c12a9b0 h4'  data-responsive-json-new='{\"font-size\":\"\",\"line-height\":\"\"}' ><h4 style=\"--font-weight:theme;\">Unsere Referenzen<\/h4><\/div><div class=\"uvc-heading-spacer line_only\" style=\"margin-top:15px;margin-bottom:20px;height:4px;\"><span class=\"uvc-headings-line\" style=\"border-style:solid;border-bottom-width:4px;border-color:#ccc;width:50px;\"><\/span><\/div><\/div>[vc_row_inner css=&#8221;.vc_custom_1623225869639{margin-bottom: 0px !important;}&#8221;][vc_column_inner width=&#8221;1\/4&#8243; css=&#8221;.vc_custom_1623225797405{padding-bottom: 20px !important;}&#8221;]<style type=\"text\/css\" data-type=\"the7_shortcodes-inline-css\">.shortcode-single-image-wrap.shortcode-single-image-cd598a2d4d9e7b202933d7c60e04db1a.enable-bg-rollover .rollover i,\n.shortcode-single-image-wrap.shortcode-single-image-cd598a2d4d9e7b202933d7c60e04db1a.enable-bg-rollover .rollover-video i {\n  background: -webkit-linear-gradient();\n  background: linear-gradient();\n}\n.shortcode-single-image-wrap.shortcode-single-image-cd598a2d4d9e7b202933d7c60e04db1a .rollover-icon {\n  font-size: 32px;\n  color: #ffffff;\n  min-width: 44px;\n  min-height: 44px;\n  line-height: 44px;\n  border-radius: 100px;\n  border-style: solid;\n  border-width: 0px;\n}\n.dt-icon-bg-on.shortcode-single-image-wrap.shortcode-single-image-cd598a2d4d9e7b202933d7c60e04db1a .rollover-icon {\n  background: rgba(255,255,255,0.3);\n  box-shadow: none;\n}<\/style><div class=\"shortcode-single-image-wrap shortcode-single-image-cd598a2d4d9e7b202933d7c60e04db1a alignnone  enable-bg-rollover dt-icon-bg-off\" style=\"margin-top:0px; margin-bottom:0px; margin-left:0px; margin-right:0px; width:350px;\"><div class=\"shortcode-single-image\"><div class=\"fancy-media-wrap\" style=\"\"><a href=\"https:\/\/digitel.swiss\/de\/entrepot-vergers-de-fechy\/\" class=\" layzr-bg rollover\" style=\"\" target=\"_blank\" rel=\"noopener\" aria-label=\"Image\"><img fetchpriority=\"high\" decoding=\"async\" class=\"preload-me lazy-load aspect\" src=\"data:image\/svg+xml,%3Csvg%20xmlns%3D&#39;http%3A%2F%2Fwww.w3.org%2F2000%2Fsvg&#39;%20viewBox%3D&#39;0%200%20350%20450&#39;%2F%3E\" data-src=\"https:\/\/digitel.swiss\/wp-content\/uploads\/2022\/11\/Plan-de-travail-3.png\" data-srcset=\"https:\/\/digitel.swiss\/wp-content\/uploads\/2022\/11\/Plan-de-travail-3.png 350w\" loading=\"eager\" style=\"--ratio: 350 \/ 450\" sizes=\"(max-width: 350px) 100vw, 350px\" width=\"350\" height=\"450\"  data-dt-location=\"https:\/\/digitel.swiss\/de\/plan-de-travail-3-3\/\" alt=\"\" \/><\/a><\/div><\/div><\/div><div id=\"ultimate-heading-589969f0e3c12bb26\" class=\"uvc-heading ult-adjust-bottom-margin ultimate-heading-589969f0e3c12bb26 uvc-3562  uvc-heading-default-font-sizes\" data-hspacer=\"no_spacer\"  data-halign=\"left\" style=\"text-align:left\"><div class=\"uvc-heading-spacer no_spacer\" style=\"top\"><\/div><div class=\"uvc-main-heading ult-responsive\"  data-ultimate-target='.uvc-heading.ultimate-heading-589969f0e3c12bb26 h5'  data-responsive-json-new='{\"font-size\":\"\",\"line-height\":\"\"}' ><h5 style=\"--font-weight:theme;margin-top:20px;margin-bottom:10px;\">Les Vergers de F\u00e9chy<\/h5><\/div><\/div>[vc_column_text]<strong>Lagerhaus f\u00fcr Obst<\/strong><br \/>\n<strong>Schweiz<\/strong><br \/>\n<strong>2017<\/strong>[\/vc_column_text]<style type=\"text\/css\" data-type=\"the7_shortcodes-inline-css\">#default-btn-56abf7c6a667e024ea310a2332a733df {\n  font-size: 14px;\n  line-height: 16px;\n  font-weight: bold;\n  padding: 4px 0px 4px 0px;\n}\n#default-btn-56abf7c6a667e024ea310a2332a733df.ico-right-side > i {\n  margin-right: 0px;\n  margin-left: 8px;\n}\n#default-btn-56abf7c6a667e024ea310a2332a733df:after {\n  height: 2px;\n  background: #38c7ff !important;\n}\n#default-btn-56abf7c6a667e024ea310a2332a733df > i {\n  margin-right: 8px;\n  font-size: 11px;\n}\n#default-btn-56abf7c6a667e024ea310a2332a733df.ico-right-side > i {\n  margin-right: 0px;\n  margin-left: 8px;\n}\n#default-btn-56abf7c6a667e024ea310a2332a733df > i {\n  margin-right: 8px;\n}<\/style><div class=\"btn-align-left\"><a href=\"https:\/\/digitel.swiss\/de\/entrepot-vergers-de-fechy\/\" class=\"default-btn-shortcode dt-btn-link link-hover-off upwards-line \" id=\"default-btn-56abf7c6a667e024ea310a2332a733df\"><span>Weiterlesen<\/span><\/a><\/div>[vc_column_text][\/vc_column_text][vc_column_text][\/vc_column_text][\/vc_column_inner][vc_column_inner width=&#8221;1\/4&#8243;]<style type=\"text\/css\" data-type=\"the7_shortcodes-inline-css\">.shortcode-single-image-wrap.shortcode-single-image-ec4583fddb8bf073e1e1e54c699e69e6.enable-bg-rollover .rollover i,\n.shortcode-single-image-wrap.shortcode-single-image-ec4583fddb8bf073e1e1e54c699e69e6.enable-bg-rollover .rollover-video i {\n  background: -webkit-linear-gradient();\n  background: linear-gradient();\n}\n.shortcode-single-image-wrap.shortcode-single-image-ec4583fddb8bf073e1e1e54c699e69e6 .rollover-icon {\n  font-size: 32px;\n  color: #ffffff;\n  min-width: 44px;\n  min-height: 44px;\n  line-height: 44px;\n  border-radius: 100px;\n  border-style: solid;\n  border-width: 0px;\n}\n.dt-icon-bg-on.shortcode-single-image-wrap.shortcode-single-image-ec4583fddb8bf073e1e1e54c699e69e6 .rollover-icon {\n  background: rgba(255,255,255,0.3);\n  box-shadow: none;\n}<\/style><div class=\"shortcode-single-image-wrap shortcode-single-image-ec4583fddb8bf073e1e1e54c699e69e6 alignnone  enable-bg-rollover dt-icon-bg-off\" style=\"margin-top:0px; margin-bottom:0px; margin-left:0px; margin-right:0px; width:350px;\"><div class=\"shortcode-single-image\"><div class=\"fancy-media-wrap\" style=\"\"><a href=\"https:\/\/digitel.swiss\/de\/industrieanlage\/\" class=\" layzr-bg rollover\" style=\"\" target=\"_blank\" rel=\"noopener\" aria-label=\"Image\"><img decoding=\"async\" class=\"preload-me lazy-load aspect\" src=\"data:image\/svg+xml,%3Csvg%20xmlns%3D&#39;http%3A%2F%2Fwww.w3.org%2F2000%2Fsvg&#39;%20viewBox%3D&#39;0%200%20350%20450&#39;%2F%3E\" data-src=\"https:\/\/digitel.swiss\/wp-content\/uploads\/2023\/05\/IMG_9682-scaled-350x450.jpg\" data-srcset=\"https:\/\/digitel.swiss\/wp-content\/uploads\/2023\/05\/IMG_9682-scaled-350x450.jpg 350w, https:\/\/digitel.swiss\/wp-content\/uploads\/2023\/05\/IMG_9682-scaled-700x900.jpg 700w\" loading=\"eager\" style=\"--ratio: 350 \/ 450\" sizes=\"(max-width: 350px) 100vw, 350px\" width=\"350\" height=\"450\"  data-dt-location=\"https:\/\/digitel.swiss\/de\/img_9682\/\" alt=\"\" \/><\/a><\/div><\/div><\/div><div id=\"ultimate-heading-284769f0e3c12c87d\" class=\"uvc-heading ult-adjust-bottom-margin ultimate-heading-284769f0e3c12c87d uvc-1045  uvc-heading-default-font-sizes\" data-hspacer=\"no_spacer\"  data-halign=\"left\" style=\"text-align:left\"><div class=\"uvc-heading-spacer no_spacer\" style=\"top\"><\/div><div class=\"uvc-main-heading ult-responsive\"  data-ultimate-target='.uvc-heading.ultimate-heading-284769f0e3c12c87d h5'  data-responsive-json-new='{\"font-size\":\"\",\"line-height\":\"\"}' ><h5 style=\"--font-weight:theme;margin-top:20px;margin-bottom:10px;\">Industriek\u00e4lteanlage<\/h5><\/div><\/div>[vc_column_text]<strong>Industrie<\/strong><br \/>\n<strong>Schweiz<\/strong><br \/>\n<strong>2023<\/strong>[\/vc_column_text]<style type=\"text\/css\" data-type=\"the7_shortcodes-inline-css\">#default-btn-0a7c58c365705ac542c799ae4cde405e {\n  font-size: 14px;\n  line-height: 16px;\n  font-weight: bold;\n  padding: 4px 0px 4px 0px;\n}\n#default-btn-0a7c58c365705ac542c799ae4cde405e.ico-right-side > i {\n  margin-right: 0px;\n  margin-left: 8px;\n}\n#default-btn-0a7c58c365705ac542c799ae4cde405e:after {\n  height: 2px;\n  background: #38c7ff !important;\n}\n#default-btn-0a7c58c365705ac542c799ae4cde405e > i {\n  margin-right: 8px;\n  font-size: 11px;\n}\n#default-btn-0a7c58c365705ac542c799ae4cde405e.ico-right-side > i {\n  margin-right: 0px;\n  margin-left: 8px;\n}\n#default-btn-0a7c58c365705ac542c799ae4cde405e > i {\n  margin-right: 8px;\n}<\/style><div class=\"btn-align-left\"><a href=\"https:\/\/digitel.swiss\/de\/industrieanlage\/\" class=\"default-btn-shortcode dt-btn-link link-hover-off upwards-line \" id=\"default-btn-0a7c58c365705ac542c799ae4cde405e\" title=\"Industriek\u00e4lteanlage\"><span>Weiterlesen<\/span><\/a><\/div>[\/vc_column_inner][vc_column_inner width=&#8221;1\/4&#8243;][\/vc_column_inner][vc_column_inner width=&#8221;1\/4&#8243;][\/vc_column_inner][\/vc_row_inner][vc_column][\/vc_column][\/vc_column][\/vc_row][vc_row bg_type=&#8221;image&#8221; parallax_style=&#8221;vcpb-default&#8221; bg_image_new=&#8221;id^2725|url^https:\/\/digitel.swiss\/wp-content\/uploads\/2021\/05\/Refrigeration-management_request-a-demo.jpg|caption^null|alt^null|title^Refrigeration-management_request-a-demo|description^null&#8221; bg_image_repeat=&#8221;no-repeat&#8221; bg_override=&#8221;full&#8221; enable_overlay=&#8221;enable_overlay_value&#8221; overlay_color=&#8221;rgba(0,0,0,0.5)&#8221; type=&#8221;vc_default&#8221; css=&#8221;.vc_custom_1622471184408{padding-top: 70px !important;padding-bottom: 80px !important;}&#8221;][vc_column]<div id=\"ultimate-heading-712769f0e3c12c921\" class=\"uvc-heading ult-adjust-bottom-margin ultimate-heading-712769f0e3c12c921 uvc-2368 \" data-hspacer=\"no_spacer\"  data-halign=\"left\" style=\"text-align:left\"><div class=\"uvc-heading-spacer no_spacer\" style=\"top\"><\/div><div class=\"uvc-sub-heading ult-responsive\"  data-ultimate-target='.uvc-heading.ultimate-heading-712769f0e3c12c921 .uvc-sub-heading '  data-responsive-json-new='{\"font-size\":\"desktop:18px;\",\"line-height\":\"desktop:30px;\"}'  style=\"font-weight:normal;color:#ffffff;margin-bottom:30px;\"><\/p>\n<h3 style=\"color: white;\">Interessiert, mehr zu erfahren?<\/h3>\n<p>Vereinbaren Sie einen Termin mit uns f\u00fcr eine Live-Demonstration!<\/div><\/div><style type=\"text\/css\" data-type=\"the7_shortcodes-inline-css\">#default-btn-ff11d45dc903d3ecc5044ae0e02516cc.ico-right-side > i {\n  margin-right: 0px;\n  margin-left: 8px;\n}\n#default-btn-ff11d45dc903d3ecc5044ae0e02516cc > i {\n  margin-right: 8px;\n}<\/style><div class=\"btn-align-left\"><a href=\"https:\/\/digitel.swiss\/de\/eine-demo-anfordern\/\" class=\"default-btn-shortcode dt-btn dt-btn-m link-hover-off \" id=\"default-btn-ff11d45dc903d3ecc5044ae0e02516cc\" title=\"Demander une d\u00e9mo\"><span>Demo anfordern<\/span><\/a><\/div>[\/vc_column][\/vc_row][vc_row bg_type=&#8221;bg_color&#8221; bg_override=&#8221;ex-full&#8221; type=&#8221;vc_default&#8221; css=&#8221;.vc_custom_1619676126700{padding-top: 65px !important;padding-bottom: 65px !important;}&#8221;][vc_column css=&#8221;.vc_custom_1461848776706{border-radius: 1px !important;}&#8221;]<div id=\"ultimate-heading-502069f0e3c12c99d\" class=\"uvc-heading ult-adjust-bottom-margin ultimate-heading-502069f0e3c12c99d uvc-6407 accent-border-color uvc-heading-default-font-sizes\" data-hspacer=\"line_only\"  data-halign=\"left\" style=\"text-align:left\"><div class=\"uvc-main-heading ult-responsive\"  data-ultimate-target='.uvc-heading.ultimate-heading-502069f0e3c12c99d h4'  data-responsive-json-new='{\"font-size\":\"\",\"line-height\":\"\"}' ><h4 style=\"font-weight:bold;\">Eine Auswahl unserer Produkte und L\u00f6sungen<\/h4><\/div><div class=\"uvc-heading-spacer line_only\" style=\"margin-top:15px;margin-bottom:50px;height:4px;\"><span class=\"uvc-headings-line\" style=\"border-style:solid;border-bottom-width:4px;border-color:;width:50px;\"><\/span><\/div><\/div>[vc_row_inner css=&#8221;.vc_custom_1623225869639{margin-bottom: 0px !important;}&#8221;][vc_column_inner width=&#8221;1\/4&#8243; css=&#8221;.vc_custom_1623225797405{padding-bottom: 20px !important;}&#8221;]<style type=\"text\/css\" data-type=\"the7_shortcodes-inline-css\">.shortcode-single-image-wrap.shortcode-single-image-5f2ae54741997d62d0bfcc54f79377cf.enable-bg-rollover .rollover i,\n.shortcode-single-image-wrap.shortcode-single-image-5f2ae54741997d62d0bfcc54f79377cf.enable-bg-rollover .rollover-video i {\n  background: -webkit-linear-gradient();\n  background: linear-gradient();\n}\n.shortcode-single-image-wrap.shortcode-single-image-5f2ae54741997d62d0bfcc54f79377cf .rollover-icon {\n  font-size: 32px;\n  color: #ffffff;\n  min-width: 44px;\n  min-height: 44px;\n  line-height: 44px;\n  border-radius: 100px;\n  border-style: solid;\n  border-width: 0px;\n}\n.dt-icon-bg-on.shortcode-single-image-wrap.shortcode-single-image-5f2ae54741997d62d0bfcc54f79377cf .rollover-icon {\n  background: rgba(255,255,255,0.3);\n  box-shadow: none;\n}<\/style><div class=\"shortcode-single-image-wrap shortcode-single-image-5f2ae54741997d62d0bfcc54f79377cf alignnone  enable-bg-rollover dt-icon-bg-off\" style=\"margin-top:0px; margin-bottom:0px; margin-left:0px; margin-right:0px; width:500px;\"><div class=\"shortcode-single-image\"><div class=\"fancy-media-wrap\" style=\"\"><a href=\"https:\/\/digitel.swiss\/de\/produkt\/dc24d\/\" class=\" layzr-bg rollover\" style=\"\" aria-label=\"Image\"><img decoding=\"async\" class=\"preload-me lazy-load aspect\" src=\"data:image\/svg+xml,%3Csvg%20xmlns%3D&#39;http%3A%2F%2Fwww.w3.org%2F2000%2Fsvg&#39;%20viewBox%3D&#39;0%200%20500%20333&#39;%2F%3E\" data-src=\"https:\/\/digitel.swiss\/wp-content\/uploads\/2022\/11\/DC24D-PX.png\" data-srcset=\"https:\/\/digitel.swiss\/wp-content\/uploads\/2022\/11\/DC24D-PX.png 500w\" loading=\"eager\" style=\"--ratio: 500 \/ 333\" sizes=\"(max-width: 500px) 100vw, 500px\" width=\"500\" height=\"333\"  data-dt-location=\"https:\/\/digitel.swiss\/de\/migros-bavois\/dc24d-px\/\" alt=\"DC24D\" \/><\/a><\/div><\/div><\/div><div id=\"ultimate-heading-766569f0e3c12d962\" class=\"uvc-heading ult-adjust-bottom-margin ultimate-heading-766569f0e3c12d962 uvc-5013  uvc-heading-default-font-sizes\" data-hspacer=\"no_spacer\"  data-halign=\"left\" style=\"text-align:left\"><div class=\"uvc-heading-spacer no_spacer\" style=\"top\"><\/div><div class=\"uvc-main-heading ult-responsive\"  data-ultimate-target='.uvc-heading.ultimate-heading-766569f0e3c12d962 h5'  data-responsive-json-new='{\"font-size\":\"\",\"line-height\":\"\"}' ><h5 style=\"--font-weight:theme;margin-top:10px;margin-bottom:10px;\">DC24D<\/h5><\/div><\/div>[vc_column_text]Universalregelung 4 Relais, 2 Analogausg\u00e4nge, 5 PT1000-Eing\u00e4nge, 1 0-10 V-Eingang&#8230;[\/vc_column_text]<style type=\"text\/css\" data-type=\"the7_shortcodes-inline-css\">#default-btn-87a584ec27ce32c330154d5a420da39f {\n  font-size: 14px;\n  line-height: 16px;\n  font-weight: bold;\n  padding: 4px 0px 4px 0px;\n}\n#default-btn-87a584ec27ce32c330154d5a420da39f.ico-right-side > i {\n  margin-right: 0px;\n  margin-left: 8px;\n}\n#default-btn-87a584ec27ce32c330154d5a420da39f:after {\n  height: 2px;\n  background: #38c7ff !important;\n}\n#default-btn-87a584ec27ce32c330154d5a420da39f > i {\n  margin-right: 8px;\n  font-size: 11px;\n}\n#default-btn-87a584ec27ce32c330154d5a420da39f.ico-right-side > i {\n  margin-right: 0px;\n  margin-left: 8px;\n}\n#default-btn-87a584ec27ce32c330154d5a420da39f > i {\n  margin-right: 8px;\n}<\/style><div class=\"btn-align-left\"><a href=\"https:\/\/digitel.swiss\/de\/produkt\/dc24d\/\" class=\"default-btn-shortcode dt-btn-link link-hover-off upwards-line \" id=\"default-btn-87a584ec27ce32c330154d5a420da39f\" title=\"R\u00e9gulation universelle\"><span>Weiterlesen<\/span><\/a><\/div>[\/vc_column_inner][vc_column_inner width=&#8221;1\/4&#8243; css=&#8221;.vc_custom_1623225906822{padding-bottom: 40px !important;}&#8221;]<style type=\"text\/css\" data-type=\"the7_shortcodes-inline-css\">.shortcode-single-image-wrap.shortcode-single-image-5e9b5140d07241ba4cbba8ca371dd475.enable-bg-rollover .rollover i,\n.shortcode-single-image-wrap.shortcode-single-image-5e9b5140d07241ba4cbba8ca371dd475.enable-bg-rollover .rollover-video i {\n  background: -webkit-linear-gradient();\n  background: linear-gradient();\n}\n.shortcode-single-image-wrap.shortcode-single-image-5e9b5140d07241ba4cbba8ca371dd475 .rollover-icon {\n  font-size: 32px;\n  color: #ffffff;\n  min-width: 44px;\n  min-height: 44px;\n  line-height: 44px;\n  border-radius: 100px;\n  border-style: solid;\n  border-width: 0px;\n}\n.dt-icon-bg-on.shortcode-single-image-wrap.shortcode-single-image-5e9b5140d07241ba4cbba8ca371dd475 .rollover-icon {\n  background: rgba(255,255,255,0.3);\n  box-shadow: none;\n}<\/style><div class=\"shortcode-single-image-wrap shortcode-single-image-5e9b5140d07241ba4cbba8ca371dd475 alignnone  enable-bg-rollover dt-icon-bg-off\" style=\"margin-top:0px; margin-bottom:0px; margin-left:0px; margin-right:0px; width:500px;\"><div class=\"shortcode-single-image\"><div class=\"fancy-media-wrap\" style=\"\"><a href=\"https:\/\/digitel.swiss\/de\/produkt\/dc58-1\/\" class=\" layzr-bg rollover\" style=\"\" aria-label=\"Image\"><img decoding=\"async\" class=\"preload-me lazy-load aspect\" src=\"data:image\/svg+xml,%3Csvg%20xmlns%3D&#39;http%3A%2F%2Fwww.w3.org%2F2000%2Fsvg&#39;%20viewBox%3D&#39;0%200%20500%20333&#39;%2F%3E\" data-src=\"https:\/\/digitel.swiss\/wp-content\/uploads\/2022\/11\/DC58-3.png\" data-srcset=\"https:\/\/digitel.swiss\/wp-content\/uploads\/2022\/11\/DC58-3.png 500w\" loading=\"eager\" style=\"--ratio: 500 \/ 333\" sizes=\"(max-width: 500px) 100vw, 500px\" width=\"500\" height=\"333\"  data-dt-location=\"https:\/\/digitel.swiss\/de\/migros-bavois\/dc58-3-2\/\" alt=\"\" \/><\/a><\/div><\/div><\/div><div id=\"ultimate-heading-936369f0e3c12e5ea\" class=\"uvc-heading ult-adjust-bottom-margin ultimate-heading-936369f0e3c12e5ea uvc-3268  uvc-heading-default-font-sizes\" data-hspacer=\"no_spacer\"  data-halign=\"left\" style=\"text-align:left\"><div class=\"uvc-heading-spacer no_spacer\" style=\"top\"><\/div><div class=\"uvc-main-heading ult-responsive\"  data-ultimate-target='.uvc-heading.ultimate-heading-936369f0e3c12e5ea h5'  data-responsive-json-new='{\"font-size\":\"\",\"line-height\":\"\"}' ><h5 style=\"--font-weight:theme;margin-top:10px;margin-bottom:10px;\">DC58-1<\/h5><\/div><\/div>[vc_column_text]Zentrale Einheit f\u00fcr Fern\u00fcberwachung DC58&#8230;[\/vc_column_text]<style type=\"text\/css\" data-type=\"the7_shortcodes-inline-css\">#default-btn-8de892afe5a2d4c90a56048d80eec0bb {\n  font-size: 14px;\n  line-height: 16px;\n  font-weight: bold;\n  padding: 4px 0px 4px 0px;\n}\n#default-btn-8de892afe5a2d4c90a56048d80eec0bb.ico-right-side > i {\n  margin-right: 0px;\n  margin-left: 8px;\n}\n#default-btn-8de892afe5a2d4c90a56048d80eec0bb:after {\n  height: 2px;\n  background: #38c7ff !important;\n}\n#default-btn-8de892afe5a2d4c90a56048d80eec0bb > i {\n  margin-right: 8px;\n  font-size: 11px;\n}\n#default-btn-8de892afe5a2d4c90a56048d80eec0bb.ico-right-side > i {\n  margin-right: 0px;\n  margin-left: 8px;\n}\n#default-btn-8de892afe5a2d4c90a56048d80eec0bb > i {\n  margin-right: 8px;\n}<\/style><div class=\"btn-align-left\"><a href=\"https:\/\/digitel.swiss\/de\/produkt\/dc58-1\/\" class=\"default-btn-shortcode dt-btn-link link-hover-off upwards-line \" id=\"default-btn-8de892afe5a2d4c90a56048d80eec0bb\" title=\"Unit\u00e9 centrale de t\u00e9l\u00e9surveillance DC58\"><span>Weiterlesen<\/span><\/a><\/div>[\/vc_column_inner][vc_column_inner width=&#8221;1\/4&#8243; css=&#8221;.vc_custom_1623225915959{padding-bottom: 40px !important;}&#8221;]<style type=\"text\/css\" data-type=\"the7_shortcodes-inline-css\">.shortcode-single-image-wrap.shortcode-single-image-b7e77da7245d2044354f7be3b861fa74.enable-bg-rollover .rollover i,\n.shortcode-single-image-wrap.shortcode-single-image-b7e77da7245d2044354f7be3b861fa74.enable-bg-rollover .rollover-video i {\n  background: -webkit-linear-gradient();\n  background: linear-gradient();\n}\n.shortcode-single-image-wrap.shortcode-single-image-b7e77da7245d2044354f7be3b861fa74 .rollover-icon {\n  font-size: 32px;\n  color: #ffffff;\n  min-width: 44px;\n  min-height: 44px;\n  line-height: 44px;\n  border-radius: 100px;\n  border-style: solid;\n  border-width: 0px;\n}\n.dt-icon-bg-on.shortcode-single-image-wrap.shortcode-single-image-b7e77da7245d2044354f7be3b861fa74 .rollover-icon {\n  background: rgba(255,255,255,0.3);\n  box-shadow: none;\n}<\/style><div class=\"shortcode-single-image-wrap shortcode-single-image-b7e77da7245d2044354f7be3b861fa74 alignnone  enable-bg-rollover dt-icon-bg-off\" style=\"margin-top:0px; margin-bottom:0px; margin-left:0px; margin-right:0px; width:500px;\"><div class=\"shortcode-single-image\"><div class=\"fancy-media-wrap\" style=\"\"><a href=\"https:\/\/digitel.swiss\/de\/produkt\/dc24ee\/\" class=\" layzr-bg rollover\" style=\"\" aria-label=\"Image\"><img decoding=\"async\" class=\"preload-me lazy-load aspect\" src=\"data:image\/svg+xml,%3Csvg%20xmlns%3D&#39;http%3A%2F%2Fwww.w3.org%2F2000%2Fsvg&#39;%20viewBox%3D&#39;0%200%20500%20333&#39;%2F%3E\" data-src=\"https:\/\/digitel.swiss\/wp-content\/uploads\/2022\/11\/DC24-EE.png\" data-srcset=\"https:\/\/digitel.swiss\/wp-content\/uploads\/2022\/11\/DC24-EE.png 500w\" loading=\"eager\" style=\"--ratio: 500 \/ 333\" sizes=\"(max-width: 500px) 100vw, 500px\" width=\"500\" height=\"333\"  data-dt-location=\"https:\/\/digitel.swiss\/de\/migros-gradelle\/dc24-ee\/\" alt=\"DC24EE\" \/><\/a><\/div><\/div><\/div><div id=\"ultimate-heading-146369f0e3c12f5c9\" class=\"uvc-heading ult-adjust-bottom-margin ultimate-heading-146369f0e3c12f5c9 uvc-4061  uvc-heading-default-font-sizes\" data-hspacer=\"no_spacer\"  data-halign=\"left\" style=\"text-align:left\"><div class=\"uvc-heading-spacer no_spacer\" style=\"top\"><\/div><div class=\"uvc-main-heading ult-responsive\"  data-ultimate-target='.uvc-heading.ultimate-heading-146369f0e3c12f5c9 h5'  data-responsive-json-new='{\"font-size\":\"\",\"line-height\":\"\"}' ><h5 style=\"--font-weight:theme;margin-top:10px;margin-bottom:10px;\">DC24EE<\/h5><\/div><\/div>[vc_column_text]Universelle Unterputz-Regelung mit Steuerung des elektronischen Expansionsventils mit Impuls&#8230;[\/vc_column_text]<style type=\"text\/css\" data-type=\"the7_shortcodes-inline-css\">#default-btn-de5c0881b06086114815def4a171a6c7 {\n  font-size: 14px;\n  line-height: 16px;\n  font-weight: bold;\n  padding: 4px 0px 4px 0px;\n}\n#default-btn-de5c0881b06086114815def4a171a6c7.ico-right-side > i {\n  margin-right: 0px;\n  margin-left: 8px;\n}\n#default-btn-de5c0881b06086114815def4a171a6c7:after {\n  height: 2px;\n  background: #38c7ff !important;\n}\n#default-btn-de5c0881b06086114815def4a171a6c7 > i {\n  margin-right: 8px;\n  font-size: 11px;\n}\n#default-btn-de5c0881b06086114815def4a171a6c7.ico-right-side > i {\n  margin-right: 0px;\n  margin-left: 8px;\n}\n#default-btn-de5c0881b06086114815def4a171a6c7 > i {\n  margin-right: 8px;\n}<\/style><div class=\"btn-align-left\"><a href=\"https:\/\/digitel.swiss\/de\/produkt\/dc24ee\/\" class=\"default-btn-shortcode dt-btn-link link-hover-off upwards-line \" id=\"default-btn-de5c0881b06086114815def4a171a6c7\" title=\"R\u00e9gulation universelle encastrable avec gestion du d\u00e9tendeur \u00e9lectronique \u00e0 impulsion\"><span>Weiterlesen<\/span><\/a><\/div>[\/vc_column_inner][vc_column_inner width=&#8221;1\/4&#8243; css=&#8221;.vc_custom_1623225922446{padding-bottom: 40px !important;}&#8221;]<style type=\"text\/css\" data-type=\"the7_shortcodes-inline-css\">.shortcode-single-image-wrap.shortcode-single-image-c258e8e95f2887f77a5021e0edba353b.enable-bg-rollover .rollover i,\n.shortcode-single-image-wrap.shortcode-single-image-c258e8e95f2887f77a5021e0edba353b.enable-bg-rollover .rollover-video i {\n  background: -webkit-linear-gradient();\n  background: linear-gradient();\n}\n.shortcode-single-image-wrap.shortcode-single-image-c258e8e95f2887f77a5021e0edba353b .rollover-icon {\n  font-size: 32px;\n  color: #ffffff;\n  min-width: 44px;\n  min-height: 44px;\n  line-height: 44px;\n  border-radius: 100px;\n  border-style: solid;\n  border-width: 0px;\n}\n.dt-icon-bg-on.shortcode-single-image-wrap.shortcode-single-image-c258e8e95f2887f77a5021e0edba353b .rollover-icon {\n  background: rgba(255,255,255,0.3);\n  box-shadow: none;\n}<\/style><div class=\"shortcode-single-image-wrap shortcode-single-image-c258e8e95f2887f77a5021e0edba353b alignnone  enable-bg-rollover dt-icon-bg-off\" style=\"margin-top:0px; margin-bottom:0px; margin-left:0px; margin-right:0px; width:500px;\"><div class=\"shortcode-single-image\"><div class=\"fancy-media-wrap\" style=\"\"><a href=\"https:\/\/digitel.swiss\/de\/produkt\/dc24tr\/\" class=\" layzr-bg rollover\" style=\"\" aria-label=\"Image\"><img decoding=\"async\" class=\"preload-me lazy-load aspect\" src=\"data:image\/svg+xml,%3Csvg%20xmlns%3D&#39;http%3A%2F%2Fwww.w3.org%2F2000%2Fsvg&#39;%20viewBox%3D&#39;0%200%20500%20333&#39;%2F%3E\" data-src=\"https:\/\/digitel.swiss\/wp-content\/uploads\/2022\/11\/DC24-TR.png\" data-srcset=\"https:\/\/digitel.swiss\/wp-content\/uploads\/2022\/11\/DC24-TR.png 500w\" loading=\"eager\" style=\"--ratio: 500 \/ 333\" sizes=\"(max-width: 500px) 100vw, 500px\" width=\"500\" height=\"333\"  data-dt-location=\"https:\/\/digitel.swiss\/de\/migros-bavois\/dc24-tr\/\" alt=\"DC24TR\" \/><\/a><\/div><\/div><\/div><div id=\"ultimate-heading-649069f0e3c130234\" class=\"uvc-heading ult-adjust-bottom-margin ultimate-heading-649069f0e3c130234 uvc-945  uvc-heading-default-font-sizes\" data-hspacer=\"no_spacer\"  data-halign=\"left\" style=\"text-align:left\"><div class=\"uvc-heading-spacer no_spacer\" style=\"top\"><\/div><div class=\"uvc-main-heading ult-responsive\"  data-ultimate-target='.uvc-heading.ultimate-heading-649069f0e3c130234 h5'  data-responsive-json-new='{\"font-size\":\"\",\"line-height\":\"\"}' ><h5 style=\"--font-weight:theme;margin-top:10px;margin-bottom:10px;\">DC24TR<\/h5><\/div><\/div>[vc_column_text]Regelung f\u00fcr K\u00fchler, HP und MP von transkritischen CO2-Anlagen und W\u00e4rmer\u00fcckgewinnung&#8230;[\/vc_column_text]<style type=\"text\/css\" data-type=\"the7_shortcodes-inline-css\">#default-btn-2bfbd050372f216e9dc3f484e2b701c5 {\n  font-size: 14px;\n  line-height: 16px;\n  font-weight: bold;\n  padding: 4px 0px 4px 0px;\n}\n#default-btn-2bfbd050372f216e9dc3f484e2b701c5.ico-right-side > i {\n  margin-right: 0px;\n  margin-left: 8px;\n}\n#default-btn-2bfbd050372f216e9dc3f484e2b701c5:after {\n  height: 2px;\n  background: #38c7ff !important;\n}\n#default-btn-2bfbd050372f216e9dc3f484e2b701c5 > i {\n  margin-right: 8px;\n  font-size: 11px;\n}\n#default-btn-2bfbd050372f216e9dc3f484e2b701c5.ico-right-side > i {\n  margin-right: 0px;\n  margin-left: 8px;\n}\n#default-btn-2bfbd050372f216e9dc3f484e2b701c5 > i {\n  margin-right: 8px;\n}<\/style><div class=\"btn-align-left\"><a href=\"https:\/\/digitel.swiss\/de\/produkt\/dc24tr\/\" class=\"default-btn-shortcode dt-btn-link link-hover-off upwards-line \" id=\"default-btn-2bfbd050372f216e9dc3f484e2b701c5\" title=\"R\u00e9gulation pour refroidisseur, HP et MP des installations CO2 transcritique et r\u00e9cup\u00e9ration de chaleur\"><span>Weiterlesen<\/span><\/a><\/div>[\/vc_column_inner][\/vc_row_inner]<style type=\"text\/css\" data-type=\"the7_shortcodes-inline-css\">#default-btn-7f59d0434e153a50d003409a52f6d04c.ico-right-side > i {\n  margin-right: 0px;\n  margin-left: 8px;\n}\n#default-btn-7f59d0434e153a50d003409a52f6d04c > i {\n  margin-right: 8px;\n}<\/style><a href=\"https:\/\/digitel.swiss\/de\/katalog-alle-produkte\/\" class=\"default-btn-shortcode dt-btn dt-btn-m link-hover-off btn-inline-left  vc_custom_1678876051473\" id=\"default-btn-7f59d0434e153a50d003409a52f6d04c\" title=\"Tous les produits Digitel\"><span>Alle unsere Produkte<\/span><\/a><div id=\"ultimate-heading-784469f0e3c130326\" class=\"uvc-heading ult-adjust-bottom-margin ultimate-heading-784469f0e3c130326 uvc-2567 accent-border-color uvc-heading-default-font-sizes\" data-hspacer=\"line_only\"  data-halign=\"left\" style=\"text-align:left\"><div class=\"uvc-main-heading ult-responsive\"  data-ultimate-target='.uvc-heading.ultimate-heading-784469f0e3c130326 h4'  data-responsive-json-new='{\"font-size\":\"\",\"line-height\":\"\"}' ><h4 style=\"--font-weight:theme;margin-top:70px;\">Unsere Kompetenzbereiche<\/h4><\/div><div class=\"uvc-heading-spacer line_only\" style=\"margin-top:15px;margin-bottom:50px;height:4px;\"><span class=\"uvc-headings-line\" style=\"border-style:solid;border-bottom-width:4px;border-color:#ccc;width:50px;\"><\/span><\/div><\/div>[vc_column_text]Digitels Regelungsl\u00f6sungen richten sich an mehrere Anwendungsbereiche[\/vc_column_text][vc_row_inner css=&#8221;.vc_custom_1623225869639{margin-bottom: 0px !important;}&#8221;][vc_column_inner width=&#8221;1\/3&#8243; css=&#8221;.vc_custom_1623225797405{padding-bottom: 20px !important;}&#8221;]<style type=\"text\/css\" data-type=\"the7_shortcodes-inline-css\">.shortcode-single-image-wrap.shortcode-single-image-09eb4b529a4d87e55bd5d3fc6d434a0b.enable-bg-rollover .rollover i,\n.shortcode-single-image-wrap.shortcode-single-image-09eb4b529a4d87e55bd5d3fc6d434a0b.enable-bg-rollover .rollover-video i {\n  background: -webkit-linear-gradient();\n  background: linear-gradient();\n}\n.shortcode-single-image-wrap.shortcode-single-image-09eb4b529a4d87e55bd5d3fc6d434a0b .rollover-icon {\n  font-size: 32px;\n  color: #ffffff;\n  min-width: 44px;\n  min-height: 44px;\n  line-height: 44px;\n  border-radius: 100px;\n  border-style: solid;\n  border-width: 0px;\n}\n.dt-icon-bg-on.shortcode-single-image-wrap.shortcode-single-image-09eb4b529a4d87e55bd5d3fc6d434a0b .rollover-icon {\n  background: rgba(255,255,255,0.3);\n  box-shadow: none;\n}<\/style><div class=\"shortcode-single-image-wrap shortcode-single-image-09eb4b529a4d87e55bd5d3fc6d434a0b alignnone  enable-bg-rollover dt-icon-bg-off\" style=\"margin-top:0px; margin-bottom:0px; margin-left:0px; margin-right:0px; width:500px;\"><div class=\"shortcode-single-image\"><div class=\"fancy-media-wrap\" style=\"\"><a href=\"https:\/\/digitel.swiss\/de\/kaeltetechnik-gewerbekaelte\/\" class=\" layzr-bg rollover\" style=\"\" aria-label=\"Image\"><img decoding=\"async\" class=\"preload-me lazy-load aspect\" src=\"data:image\/svg+xml,%3Csvg%20xmlns%3D&#39;http%3A%2F%2Fwww.w3.org%2F2000%2Fsvg&#39;%20viewBox%3D&#39;0%200%20410%20419&#39;%2F%3E\" data-src=\"https:\/\/digitel.swiss\/wp-content\/uploads\/2022\/10\/froid.png\" data-srcset=\"https:\/\/digitel.swiss\/wp-content\/uploads\/2022\/10\/froid.png 410w\" loading=\"eager\" style=\"--ratio: 410 \/ 419\" sizes=\"(max-width: 410px) 100vw, 410px\" width=\"410\" height=\"419\"  data-dt-location=\"https:\/\/digitel.swiss\/de\/hotellerie-et-retaurants\/froid\/\" alt=\"\" \/><\/a><\/div><\/div><\/div><div id=\"ultimate-heading-214569f0e3c131303\" class=\"uvc-heading ult-adjust-bottom-margin ultimate-heading-214569f0e3c131303 uvc-354  uvc-heading-default-font-sizes\" data-hspacer=\"no_spacer\"  data-halign=\"left\" style=\"text-align:left\"><div class=\"uvc-heading-spacer no_spacer\" style=\"top\"><\/div><div class=\"uvc-main-heading ult-responsive\"  data-ultimate-target='.uvc-heading.ultimate-heading-214569f0e3c131303 h5'  data-responsive-json-new='{\"font-size\":\"\",\"line-height\":\"\"}' ><h5 style=\"--font-weight:theme;margin-top:10px;margin-bottom:10px;\">K\u00c4LTE<\/h5><\/div><\/div><style type=\"text\/css\" data-type=\"the7_shortcodes-inline-css\">#default-btn-70c80d4024e7f5821b107c4bf60b71c3 {\n  font-size: 14px;\n  line-height: 16px;\n  font-weight: bold;\n  padding: 4px 0px 4px 0px;\n}\n#default-btn-70c80d4024e7f5821b107c4bf60b71c3.ico-right-side > i {\n  margin-right: 0px;\n  margin-left: 8px;\n}\n#default-btn-70c80d4024e7f5821b107c4bf60b71c3:after {\n  height: 2px;\n  background: #38c7ff !important;\n}\n#default-btn-70c80d4024e7f5821b107c4bf60b71c3 > i {\n  margin-right: 8px;\n  font-size: 11px;\n}\n#default-btn-70c80d4024e7f5821b107c4bf60b71c3.ico-right-side > i {\n  margin-right: 0px;\n  margin-left: 8px;\n}\n#default-btn-70c80d4024e7f5821b107c4bf60b71c3 > i {\n  margin-right: 8px;\n}<\/style><div class=\"btn-align-left\"><a href=\"https:\/\/digitel.swiss\/de\/kaeltetechnik-gewerbekaelte\/\" class=\"default-btn-shortcode dt-btn-link link-hover-off upwards-line \" id=\"default-btn-70c80d4024e7f5821b107c4bf60b71c3\"><span>Alles ansehen<\/span><\/a><\/div>[\/vc_column_inner][vc_column_inner width=&#8221;1\/3&#8243;]<style type=\"text\/css\" data-type=\"the7_shortcodes-inline-css\">.shortcode-single-image-wrap.shortcode-single-image-3e35c86b170ca718657b5aa09dc1e5d1.enable-bg-rollover .rollover i,\n.shortcode-single-image-wrap.shortcode-single-image-3e35c86b170ca718657b5aa09dc1e5d1.enable-bg-rollover .rollover-video i {\n  background: -webkit-linear-gradient();\n  background: linear-gradient();\n}\n.shortcode-single-image-wrap.shortcode-single-image-3e35c86b170ca718657b5aa09dc1e5d1 .rollover-icon {\n  font-size: 32px;\n  color: #ffffff;\n  min-width: 44px;\n  min-height: 44px;\n  line-height: 44px;\n  border-radius: 100px;\n  border-style: solid;\n  border-width: 0px;\n}\n.dt-icon-bg-on.shortcode-single-image-wrap.shortcode-single-image-3e35c86b170ca718657b5aa09dc1e5d1 .rollover-icon {\n  background: rgba(255,255,255,0.3);\n  box-shadow: none;\n}<\/style><div class=\"shortcode-single-image-wrap shortcode-single-image-3e35c86b170ca718657b5aa09dc1e5d1 alignnone  enable-bg-rollover dt-icon-bg-off\" style=\"margin-top:0px; margin-bottom:0px; margin-left:0px; margin-right:0px; width:500px;\"><div class=\"shortcode-single-image\"><div class=\"fancy-media-wrap\" style=\"\"><a href=\"https:\/\/digitel.swiss\/de\/hvac\/\" class=\" layzr-bg rollover\" style=\"\" aria-label=\"Image\"><img decoding=\"async\" class=\"preload-me lazy-load aspect\" src=\"data:image\/svg+xml,%3Csvg%20xmlns%3D&#39;http%3A%2F%2Fwww.w3.org%2F2000%2Fsvg&#39;%20viewBox%3D&#39;0%200%20410%20419&#39;%2F%3E\" data-src=\"https:\/\/digitel.swiss\/wp-content\/uploads\/2022\/10\/CVC.png\" data-srcset=\"https:\/\/digitel.swiss\/wp-content\/uploads\/2022\/10\/CVC.png 410w\" loading=\"eager\" style=\"--ratio: 410 \/ 419\" sizes=\"(max-width: 410px) 100vw, 410px\" width=\"410\" height=\"419\"  data-dt-location=\"https:\/\/digitel.swiss\/de\/hotellerie-et-retaurants\/cvc\/\" alt=\"\" \/><\/a><\/div><\/div><\/div><div id=\"ultimate-heading-179769f0e3c131fbf\" class=\"uvc-heading ult-adjust-bottom-margin ultimate-heading-179769f0e3c131fbf uvc-6948  uvc-heading-default-font-sizes\" data-hspacer=\"no_spacer\"  data-halign=\"left\" style=\"text-align:left\"><div class=\"uvc-heading-spacer no_spacer\" style=\"top\"><\/div><div class=\"uvc-main-heading ult-responsive\"  data-ultimate-target='.uvc-heading.ultimate-heading-179769f0e3c131fbf h5'  data-responsive-json-new='{\"font-size\":\"\",\"line-height\":\"\"}' ><h5 style=\"--font-weight:theme;margin-top:10px;margin-bottom:10px;\">HVAC<\/h5><\/div><\/div><style type=\"text\/css\" data-type=\"the7_shortcodes-inline-css\">#default-btn-d9741b51d8f062ac99bbf9435568342d {\n  font-size: 14px;\n  line-height: 16px;\n  font-weight: bold;\n  padding: 4px 0px 4px 0px;\n}\n#default-btn-d9741b51d8f062ac99bbf9435568342d.ico-right-side > i {\n  margin-right: 0px;\n  margin-left: 8px;\n}\n#default-btn-d9741b51d8f062ac99bbf9435568342d:after {\n  height: 2px;\n  background: #38c7ff !important;\n}\n#default-btn-d9741b51d8f062ac99bbf9435568342d > i {\n  margin-right: 8px;\n  font-size: 11px;\n}\n#default-btn-d9741b51d8f062ac99bbf9435568342d.ico-right-side > i {\n  margin-right: 0px;\n  margin-left: 8px;\n}\n#default-btn-d9741b51d8f062ac99bbf9435568342d > i {\n  margin-right: 8px;\n}<\/style><div class=\"btn-align-left\"><a href=\"https:\/\/digitel.swiss\/de\/hvac\/\" class=\"default-btn-shortcode dt-btn-link link-hover-off upwards-line \" id=\"default-btn-d9741b51d8f062ac99bbf9435568342d\"><span>Alles ansehen<\/span><\/a><\/div>[\/vc_column_inner][vc_column_inner width=&#8221;1\/3&#8243;]<style type=\"text\/css\" data-type=\"the7_shortcodes-inline-css\">.shortcode-single-image-wrap.shortcode-single-image-26ec7e0ed8a560a77150f3a7fdfff1ac.enable-bg-rollover .rollover i,\n.shortcode-single-image-wrap.shortcode-single-image-26ec7e0ed8a560a77150f3a7fdfff1ac.enable-bg-rollover .rollover-video i {\n  background: -webkit-linear-gradient();\n  background: linear-gradient();\n}\n.shortcode-single-image-wrap.shortcode-single-image-26ec7e0ed8a560a77150f3a7fdfff1ac .rollover-icon {\n  font-size: 32px;\n  color: #ffffff;\n  min-width: 44px;\n  min-height: 44px;\n  line-height: 44px;\n  border-radius: 100px;\n  border-style: solid;\n  border-width: 0px;\n}\n.dt-icon-bg-on.shortcode-single-image-wrap.shortcode-single-image-26ec7e0ed8a560a77150f3a7fdfff1ac .rollover-icon {\n  background: rgba(255,255,255,0.3);\n  box-shadow: none;\n}<\/style><div class=\"shortcode-single-image-wrap shortcode-single-image-26ec7e0ed8a560a77150f3a7fdfff1ac alignnone  enable-bg-rollover dt-icon-bg-off\" style=\"margin-top:0px; margin-bottom:0px; margin-left:0px; margin-right:0px; width:500px;\"><div class=\"shortcode-single-image\"><div class=\"fancy-media-wrap\" style=\"\"><a href=\"https:\/\/digitel.swiss\/de\/beleuchtung\/\" class=\" layzr-bg rollover\" style=\"\" aria-label=\"Image\"><img decoding=\"async\" class=\"preload-me lazy-load aspect\" src=\"data:image\/svg+xml,%3Csvg%20xmlns%3D&#39;http%3A%2F%2Fwww.w3.org%2F2000%2Fsvg&#39;%20viewBox%3D&#39;0%200%20410%20419&#39;%2F%3E\" data-src=\"https:\/\/digitel.swiss\/wp-content\/uploads\/2022\/10\/lumiere.png\" data-srcset=\"https:\/\/digitel.swiss\/wp-content\/uploads\/2022\/10\/lumiere.png 410w\" loading=\"eager\" style=\"--ratio: 410 \/ 419\" sizes=\"(max-width: 410px) 100vw, 410px\" width=\"410\" height=\"419\"  data-dt-location=\"https:\/\/digitel.swiss\/de\/hotellerie-et-retaurants\/lumiere\/\" alt=\"\" \/><\/a><\/div><\/div><\/div><div id=\"ultimate-heading-119969f0e3c132c75\" class=\"uvc-heading ult-adjust-bottom-margin ultimate-heading-119969f0e3c132c75 uvc-6854  uvc-heading-default-font-sizes\" data-hspacer=\"no_spacer\"  data-halign=\"left\" style=\"text-align:left\"><div class=\"uvc-heading-spacer no_spacer\" style=\"top\"><\/div><div class=\"uvc-main-heading ult-responsive\"  data-ultimate-target='.uvc-heading.ultimate-heading-119969f0e3c132c75 h5'  data-responsive-json-new='{\"font-size\":\"\",\"line-height\":\"\"}' ><h5 style=\"--font-weight:theme;margin-top:10px;margin-bottom:10px;\">BELEUCHTUNG<\/h5><\/div><\/div><style type=\"text\/css\" data-type=\"the7_shortcodes-inline-css\">#default-btn-bdd09b5120e20a04be928beae048f657 {\n  font-size: 14px;\n  line-height: 16px;\n  font-weight: bold;\n  padding: 4px 0px 4px 0px;\n}\n#default-btn-bdd09b5120e20a04be928beae048f657.ico-right-side > i {\n  margin-right: 0px;\n  margin-left: 8px;\n}\n#default-btn-bdd09b5120e20a04be928beae048f657:after {\n  height: 2px;\n  background: #38c7ff !important;\n}\n#default-btn-bdd09b5120e20a04be928beae048f657 > i {\n  margin-right: 8px;\n  font-size: 11px;\n}\n#default-btn-bdd09b5120e20a04be928beae048f657.ico-right-side > i {\n  margin-right: 0px;\n  margin-left: 8px;\n}\n#default-btn-bdd09b5120e20a04be928beae048f657 > i {\n  margin-right: 8px;\n}<\/style><div class=\"btn-align-left\"><a href=\"https:\/\/digitel.swiss\/de\/beleuchtung\/\" class=\"default-btn-shortcode dt-btn-link link-hover-off upwards-line \" id=\"default-btn-bdd09b5120e20a04be928beae048f657\"><span>Alles ansehen<\/span><\/a><\/div>[\/vc_column_inner][\/vc_row_inner][\/vc_column][\/vc_row][vc_column][\/vc_column][vc_column_text]<\/p>\n<p>&nbsp;<\/p>\n<p>[\/vc_column_text]<\/p>\n<\/div>","protected":false},"excerpt":{"rendered":"<p>[vc_row bg_type=&#8221;bg_color&#8221; bg_override=&#8221;ex-full&#8221; css=&#8221;.vc_custom_1619425769293{padding-bottom: 100px !important;}&#8221;][vc_column][vc_row_inner][vc_column_inner][vc_column_text]Leistungsstarke Regelungsl\u00f6sungen f\u00fcr Obst- oder Gem\u00fcselager. Digitel liefert auch spezielle Regelungen f\u00fcr die Verwaltung gro\u00dfer Obst- und Gem\u00fcselager. Sie \u00fcbernehmen die Regelung der Temperatur, der Luftfeuchtigkeit, des Sauerstoffgehalts, des Kohlendioxids, des Ethylens usw. in den R\u00e4umen mit kontrollierter Atmosph\u00e4re.[\/vc_column_text][\/vc_column_inner][\/vc_row_inner][vc_row_inner][\/vc_row_inner][vc_column_inner][\/vc_column_inner][vc_column_text]Ma\u00dfgeschneiderte Prozessregulierungsprogramme f\u00fcr B\u00e4ckereien und Backstuben F\u00fcr G\u00e4rkammern oder Labore werden oft&hellip;<\/p>\n","protected":false},"author":1,"featured_media":0,"parent":0,"menu_order":0,"comment_status":"closed","ping_status":"closed","template":"","meta":{"_acf_changed":false,"footnotes":""},"class_list":["post-12430","page","type-page","status-publish","hentry","description-off"],"acf":[],"yoast_head":"<!-- This site is optimized with the Yoast SEO plugin v27.4 - https:\/\/yoast.com\/product\/yoast-seo-wordpress\/ -->\n<title>Industrie, Lagerh\u00e4user und B\u00e4ckereien - Digitel<\/title>\n<meta name=\"robots\" content=\"index, follow, max-snippet:-1, max-image-preview:large, max-video-preview:-1\" \/>\n<link rel=\"canonical\" href=\"https:\/\/digitel.swiss\/de\/gemueselager-und-baeckereien\/\" \/>\n<meta property=\"og:locale\" content=\"de_DE\" \/>\n<meta property=\"og:type\" content=\"article\" \/>\n<meta property=\"og:title\" content=\"Industrie, Lagerh\u00e4user und B\u00e4ckereien - Digitel\" \/>\n<meta property=\"og:description\" content=\"[vc_row bg_type=&#8221;bg_color&#8221; bg_override=&#8221;ex-full&#8221; css=&#8221;.vc_custom_1619425769293{padding-bottom: 100px !important;}&#8221;][vc_column][vc_row_inner][vc_column_inner][vc_column_text]Leistungsstarke Regelungsl\u00f6sungen f\u00fcr Obst- oder Gem\u00fcselager. Digitel liefert auch spezielle Regelungen f\u00fcr die Verwaltung gro\u00dfer Obst- und Gem\u00fcselager. Sie \u00fcbernehmen die Regelung der Temperatur, der Luftfeuchtigkeit, des Sauerstoffgehalts, des Kohlendioxids, des Ethylens usw. in den R\u00e4umen mit kontrollierter Atmosph\u00e4re.[\/vc_column_text][\/vc_column_inner][\/vc_row_inner][vc_row_inner][\/vc_row_inner][vc_column_inner][\/vc_column_inner][vc_column_text]Ma\u00dfgeschneiderte Prozessregulierungsprogramme f\u00fcr B\u00e4ckereien und Backstuben F\u00fcr G\u00e4rkammern oder Labore werden oft&hellip;\" \/>\n<meta property=\"og:url\" content=\"https:\/\/digitel.swiss\/de\/gemueselager-und-baeckereien\/\" \/>\n<meta property=\"og:site_name\" content=\"Digitel\" \/>\n<meta property=\"article:modified_time\" content=\"2023-05-11T20:41:03+00:00\" \/>\n<meta name=\"twitter:card\" content=\"summary_large_image\" \/>\n<meta name=\"twitter:label1\" content=\"Gesch\u00e4tzte Lesezeit\" \/>\n\t<meta name=\"twitter:data1\" content=\"8\u00a0Minuten\" \/>\n<script type=\"application\/ld+json\" class=\"yoast-schema-graph\">{\"@context\":\"https:\\\/\\\/schema.org\",\"@graph\":[{\"@type\":\"WebPage\",\"@id\":\"https:\\\/\\\/digitel.swiss\\\/de\\\/gemueselager-und-baeckereien\\\/\",\"url\":\"https:\\\/\\\/digitel.swiss\\\/de\\\/gemueselager-und-baeckereien\\\/\",\"name\":\"Industrie, Lagerh\u00e4user und B\u00e4ckereien - Digitel\",\"isPartOf\":{\"@id\":\"https:\\\/\\\/digitel.swiss\\\/#website\"},\"datePublished\":\"2022-09-30T04:36:56+00:00\",\"dateModified\":\"2023-05-11T20:41:03+00:00\",\"breadcrumb\":{\"@id\":\"https:\\\/\\\/digitel.swiss\\\/de\\\/gemueselager-und-baeckereien\\\/#breadcrumb\"},\"inLanguage\":\"de\",\"potentialAction\":[{\"@type\":\"ReadAction\",\"target\":[\"https:\\\/\\\/digitel.swiss\\\/de\\\/gemueselager-und-baeckereien\\\/\"]}]},{\"@type\":\"BreadcrumbList\",\"@id\":\"https:\\\/\\\/digitel.swiss\\\/de\\\/gemueselager-und-baeckereien\\\/#breadcrumb\",\"itemListElement\":[{\"@type\":\"ListItem\",\"position\":1,\"name\":\"Home\",\"item\":\"https:\\\/\\\/digitel.swiss\\\/de\\\/\"},{\"@type\":\"ListItem\",\"position\":2,\"name\":\"Industrie, Lagerh\u00e4user und B\u00e4ckereien\"}]},{\"@type\":\"WebSite\",\"@id\":\"https:\\\/\\\/digitel.swiss\\\/#website\",\"url\":\"https:\\\/\\\/digitel.swiss\\\/\",\"name\":\"Digitel\",\"description\":\"Die elektronische L\u00f6sung\",\"publisher\":{\"@id\":\"https:\\\/\\\/digitel.swiss\\\/#organization\"},\"potentialAction\":[{\"@type\":\"SearchAction\",\"target\":{\"@type\":\"EntryPoint\",\"urlTemplate\":\"https:\\\/\\\/digitel.swiss\\\/?s={search_term_string}\"},\"query-input\":{\"@type\":\"PropertyValueSpecification\",\"valueRequired\":true,\"valueName\":\"search_term_string\"}}],\"inLanguage\":\"de\"},{\"@type\":\"Organization\",\"@id\":\"https:\\\/\\\/digitel.swiss\\\/#organization\",\"name\":\"Digitel Swiss\",\"url\":\"https:\\\/\\\/digitel.swiss\\\/\",\"logo\":{\"@type\":\"ImageObject\",\"inLanguage\":\"de\",\"@id\":\"https:\\\/\\\/digitel.swiss\\\/#\\\/schema\\\/logo\\\/image\\\/\",\"url\":\"https:\\\/\\\/digitel.swiss\\\/wp-content\\\/uploads\\\/2021\\\/03\\\/Logo-Digitel_170.png\",\"contentUrl\":\"https:\\\/\\\/digitel.swiss\\\/wp-content\\\/uploads\\\/2021\\\/03\\\/Logo-Digitel_170.png\",\"width\":170,\"height\":60,\"caption\":\"Digitel Swiss\"},\"image\":{\"@id\":\"https:\\\/\\\/digitel.swiss\\\/#\\\/schema\\\/logo\\\/image\\\/\"}}]}<\/script>\n<!-- \/ Yoast SEO plugin. -->","yoast_head_json":{"title":"Industrie, Lagerh\u00e4user und B\u00e4ckereien - Digitel","robots":{"index":"index","follow":"follow","max-snippet":"max-snippet:-1","max-image-preview":"max-image-preview:large","max-video-preview":"max-video-preview:-1"},"canonical":"https:\/\/digitel.swiss\/de\/gemueselager-und-baeckereien\/","og_locale":"de_DE","og_type":"article","og_title":"Industrie, Lagerh\u00e4user und B\u00e4ckereien - Digitel","og_description":"[vc_row bg_type=&#8221;bg_color&#8221; bg_override=&#8221;ex-full&#8221; css=&#8221;.vc_custom_1619425769293{padding-bottom: 100px !important;}&#8221;][vc_column][vc_row_inner][vc_column_inner][vc_column_text]Leistungsstarke Regelungsl\u00f6sungen f\u00fcr Obst- oder Gem\u00fcselager. Digitel liefert auch spezielle Regelungen f\u00fcr die Verwaltung gro\u00dfer Obst- und Gem\u00fcselager. Sie \u00fcbernehmen die Regelung der Temperatur, der Luftfeuchtigkeit, des Sauerstoffgehalts, des Kohlendioxids, des Ethylens usw. in den R\u00e4umen mit kontrollierter Atmosph\u00e4re.[\/vc_column_text][\/vc_column_inner][\/vc_row_inner][vc_row_inner][\/vc_row_inner][vc_column_inner][\/vc_column_inner][vc_column_text]Ma\u00dfgeschneiderte Prozessregulierungsprogramme f\u00fcr B\u00e4ckereien und Backstuben F\u00fcr G\u00e4rkammern oder Labore werden oft&hellip;","og_url":"https:\/\/digitel.swiss\/de\/gemueselager-und-baeckereien\/","og_site_name":"Digitel","article_modified_time":"2023-05-11T20:41:03+00:00","twitter_card":"summary_large_image","twitter_misc":{"Gesch\u00e4tzte Lesezeit":"8\u00a0Minuten"},"schema":{"@context":"https:\/\/schema.org","@graph":[{"@type":"WebPage","@id":"https:\/\/digitel.swiss\/de\/gemueselager-und-baeckereien\/","url":"https:\/\/digitel.swiss\/de\/gemueselager-und-baeckereien\/","name":"Industrie, Lagerh\u00e4user und B\u00e4ckereien - Digitel","isPartOf":{"@id":"https:\/\/digitel.swiss\/#website"},"datePublished":"2022-09-30T04:36:56+00:00","dateModified":"2023-05-11T20:41:03+00:00","breadcrumb":{"@id":"https:\/\/digitel.swiss\/de\/gemueselager-und-baeckereien\/#breadcrumb"},"inLanguage":"de","potentialAction":[{"@type":"ReadAction","target":["https:\/\/digitel.swiss\/de\/gemueselager-und-baeckereien\/"]}]},{"@type":"BreadcrumbList","@id":"https:\/\/digitel.swiss\/de\/gemueselager-und-baeckereien\/#breadcrumb","itemListElement":[{"@type":"ListItem","position":1,"name":"Home","item":"https:\/\/digitel.swiss\/de\/"},{"@type":"ListItem","position":2,"name":"Industrie, Lagerh\u00e4user und B\u00e4ckereien"}]},{"@type":"WebSite","@id":"https:\/\/digitel.swiss\/#website","url":"https:\/\/digitel.swiss\/","name":"Digitel","description":"Die elektronische L\u00f6sung","publisher":{"@id":"https:\/\/digitel.swiss\/#organization"},"potentialAction":[{"@type":"SearchAction","target":{"@type":"EntryPoint","urlTemplate":"https:\/\/digitel.swiss\/?s={search_term_string}"},"query-input":{"@type":"PropertyValueSpecification","valueRequired":true,"valueName":"search_term_string"}}],"inLanguage":"de"},{"@type":"Organization","@id":"https:\/\/digitel.swiss\/#organization","name":"Digitel Swiss","url":"https:\/\/digitel.swiss\/","logo":{"@type":"ImageObject","inLanguage":"de","@id":"https:\/\/digitel.swiss\/#\/schema\/logo\/image\/","url":"https:\/\/digitel.swiss\/wp-content\/uploads\/2021\/03\/Logo-Digitel_170.png","contentUrl":"https:\/\/digitel.swiss\/wp-content\/uploads\/2021\/03\/Logo-Digitel_170.png","width":170,"height":60,"caption":"Digitel Swiss"},"image":{"@id":"https:\/\/digitel.swiss\/#\/schema\/logo\/image\/"}}]}},"_links":{"self":[{"href":"https:\/\/digitel.swiss\/de\/wp-json\/wp\/v2\/pages\/12430","targetHints":{"allow":["GET"]}}],"collection":[{"href":"https:\/\/digitel.swiss\/de\/wp-json\/wp\/v2\/pages"}],"about":[{"href":"https:\/\/digitel.swiss\/de\/wp-json\/wp\/v2\/types\/page"}],"author":[{"embeddable":true,"href":"https:\/\/digitel.swiss\/de\/wp-json\/wp\/v2\/users\/1"}],"replies":[{"embeddable":true,"href":"https:\/\/digitel.swiss\/de\/wp-json\/wp\/v2\/comments?post=12430"}],"version-history":[{"count":13,"href":"https:\/\/digitel.swiss\/de\/wp-json\/wp\/v2\/pages\/12430\/revisions"}],"predecessor-version":[{"id":13547,"href":"https:\/\/digitel.swiss\/de\/wp-json\/wp\/v2\/pages\/12430\/revisions\/13547"}],"wp:attachment":[{"href":"https:\/\/digitel.swiss\/de\/wp-json\/wp\/v2\/media?parent=12430"}],"curies":[{"name":"wp","href":"https:\/\/api.w.org\/{rel}","templated":true}]}}