{"id":4714,"date":"2021-06-16T06:36:41","date_gmt":"2021-06-16T06:36:41","guid":{"rendered":"http:\/\/digitel.elcadia.com\/o-nas\/"},"modified":"2023-06-30T08:33:11","modified_gmt":"2023-06-30T08:33:11","slug":"o-nas","status":"publish","type":"page","link":"https:\/\/digitel.swiss\/pl\/o-nas\/","title":{"rendered":"O nas"},"content":{"rendered":"<div class=\"wpb-content-wrapper\"><p>[vc_row bg_type=&#8221;bg_color&#8221; bg_override=&#8221;ex-full&#8221; type=&#8221;vc_default&#8221; css=&#8221;.vc_custom_1688043336570{padding-top: 10px !important;padding-bottom: 10px !important;}&#8221; el_class=&#8221;smallmobilehalf&#8221;][vc_column css=&#8221;.vc_custom_1461848776706{border-radius: 1px !important;}&#8221;][vc_column_text]<\/p>\n<p>Dzia\u0142aj\u0105c od 1989 roku, Digitel SA jest dzi\u015b jednym z lider\u00f3w w dziedzinie regulacji i zdalnego zarz\u0105dzania systemami ch\u0142odniczymi. Firma posiada solidne portfolio klient\u00f3w w ca\u0142ej Europie i zrealizowa\u0142a ponad 3.000 instalacji w zakresie handlu detalicznego \u017cywno\u015bci\u0105, hoteli, restauracji, przemys\u0142u i zdrowia (szpitale i laboratoria farmaceutyczne).<\/p>\n<p>Digitel SA ma siedzib\u0119 w Cugy (VD), Szwajcaria.<\/p>\n<p>[\/vc_column_text][\/vc_column][\/vc_row][vc_row bg_type=&#8221;bg_color&#8221; bg_override=&#8221;ex-full&#8221; type=&#8221;vc_default&#8221; css=&#8221;.vc_custom_1688044659500{padding-top: 10px !important;padding-bottom: 10px !important;}&#8221; el_class=&#8221;smallmobilehalf&#8221;][vc_column css=&#8221;.vc_custom_1461848776706{border-radius: 1px !important;}&#8221;]<div id=\"ultimate-heading-596669f0a157a2ac0\" class=\"uvc-heading ult-adjust-bottom-margin ultimate-heading-596669f0a157a2ac0 uvc-2579 accent-border-color\" data-hspacer=\"line_only\"  data-halign=\"left\" style=\"text-align:left\"><div class=\"uvc-main-heading ult-responsive\"  data-ultimate-target='.uvc-heading.ultimate-heading-596669f0a157a2ac0 h2'  data-responsive-json-new='{\"font-size\":\"desktop:26px;\",\"line-height\":\"desktop:36px;\"}' ><h2 style=\"font-weight:bold;\">Nasze warto\u015bci<\/h2><\/div><div class=\"uvc-heading-spacer line_only\" style=\"margin-top:15px;margin-bottom:50px;height:4px;\"><span class=\"uvc-headings-line\" style=\"border-style:solid;border-bottom-width:4px;border-color:;width:50px;\"><\/span><\/div><\/div>[vc_row_inner equal_height=&#8221;yes&#8221; gap=&#8221;30&#8243; css=&#8221;.vc_custom_1615485669094{margin-right: -15px !important;margin-left: -15px !important;}&#8221;][vc_column_inner width=&#8221;1\/4&#8243; css=&#8221;.vc_custom_1623226212549{padding-top: 0px !important;padding-right: 0px !important;padding-bottom: 0px !important;padding-left: 0px !important;background-color: #ffffff !important;}&#8221; offset=&#8221;vc_col-lg-3 vc_col-md-6&#8243;][vc_column_text]<\/p>\n<table border=\"0\">\n<tbody>\n<tr>\n<td width=\"60\"><img loading=\"lazy\" decoding=\"async\" class=\"alignnone wp-image-6815\" src=\"https:\/\/digitel.swiss\/wp-content\/uploads\/2021\/06\/easy-2.png\" alt=\"\" width=\"60\" height=\"60\" \/><\/td>\n<td>\n<h4 class=\"dt-text-title\">\u0141atwy<\/h4>\n<\/td>\n<\/tr>\n<\/tbody>\n<\/table>\n<p>Rozwi\u0105zania Digitel zosta\u0142y zaprojektowane tak, aby upro\u015bci\u0107 \u017cycie instalatorowi i u\u017cytkownikowi, od projektu instalacji po jej nadz\u00f3r.[\/vc_column_text][\/vc_column_inner][vc_column_inner width=&#8221;1\/4&#8243; css=&#8221;.vc_custom_1623226026728{padding-top: 0px !important;padding-right: 0px !important;padding-bottom: 0px !important;padding-left: 0px !important;background-color: #ffffff !important;}&#8221; offset=&#8221;vc_col-lg-3 vc_col-md-6&#8243;][vc_column_text]<\/p>\n<table border=\"0\">\n<tbody>\n<tr>\n<td width=\"60\"><a class=\"dt-pswp-item\" href=\"https:\/\/digitel.swiss\/wp-content\/uploads\/2021\/06\/fiable.png\" data-dt-img-description=\"\" data-large_image_width=\"107\" data-large_image_height=\"107\"><img loading=\"lazy\" decoding=\"async\" class=\"alignnone wp-image-6824\" src=\"https:\/\/digitel.swiss\/wp-content\/uploads\/2021\/06\/fiable.png\" alt=\"\" width=\"60\" height=\"60\" \/><\/a><\/td>\n<td>\n<h4 class=\"dt-text-title\">Niezawodny<\/h4>\n<\/td>\n<\/tr>\n<\/tbody>\n<\/table>\n<p>30 lat do\u015bwiadczenia i tysi\u0105ce instalacji w eksploatacji Digitel jest pionierem w dziedzinie zdalnego sterowania i zarz\u0105dzania instalacjami, kt\u00f3re wymagaj\u0105 wysokiego poziomu wydajno\u015bci i niezawodno\u015bci.[\/vc_column_text][\/vc_column_inner][vc_column_inner width=&#8221;1\/4&#8243; css=&#8221;.vc_custom_1623226033843{padding-top: 0px !important;padding-right: 0px !important;padding-bottom: 0px !important;padding-left: 0px !important;background-color: #ffffff !important;}&#8221; offset=&#8221;vc_col-lg-3 vc_col-md-6&#8243;][vc_column_text]<\/p>\n<table border=\"0\">\n<tbody>\n<tr>\n<td width=\"60\"><a class=\"dt-pswp-item\" href=\"https:\/\/digitel.swiss\/wp-content\/uploads\/2021\/06\/Performant.png\" data-dt-img-description=\"\" data-large_image_width=\"107\" data-large_image_height=\"107\"><img loading=\"lazy\" decoding=\"async\" class=\"alignnone wp-image-6826\" src=\"https:\/\/digitel.swiss\/wp-content\/uploads\/2021\/06\/Performant.png\" alt=\"\" width=\"60\" height=\"60\" \/><\/a><\/td>\n<td>\n<h4 class=\"dt-text-title\">Nowatorski<\/h4>\n<\/td>\n<\/tr>\n<\/tbody>\n<\/table>\n<p>Digitel stara si\u0119 nieustannie wprowadza\u0107 innowacje poprzez opracowywanie inteligentnych narz\u0119dzi i funkcji wyprzedzaj\u0105cych swoj\u0105 epok\u0119.[\/vc_column_text][\/vc_column_inner][vc_column_inner width=&#8221;1\/4&#8243; offset=&#8221;vc_col-lg-3 vc_col-md-6&#8243; css=&#8221;.vc_custom_1623258988607{padding-top: 0px !important;padding-right: 0px !important;padding-bottom: 0px !important;padding-left: 0px !important;}&#8221;][vc_column_text]<\/p>\n<table border=\"0\">\n<tbody>\n<tr>\n<td width=\"60\"><a class=\"dt-pswp-item\" href=\"https:\/\/digitel.swiss\/wp-content\/uploads\/2021\/06\/proche-de-vous.png\" data-dt-img-description=\"\" data-large_image_width=\"107\" data-large_image_height=\"107\"><img loading=\"lazy\" decoding=\"async\" class=\"alignnone wp-image-6832\" src=\"https:\/\/digitel.swiss\/wp-content\/uploads\/2021\/06\/proche-de-vous.png\" alt=\"\" width=\"60\" height=\"60\" \/><\/a><\/td>\n<td>\n<h4 class=\"dt-text-title\">Blisko Ciebie<\/h4>\n<\/td>\n<\/tr>\n<\/tbody>\n<\/table>\n<p>Nasz\u0105 si\u0142\u0105 jest blisko\u015b\u0107 do klienta. Jeste\u015bmy specjalist\u0105 w zakresie wysokiej klasy rozwi\u0105za\u0144 regulacji.[\/vc_column_text][\/vc_column_inner][\/vc_row_inner][\/vc_column][\/vc_row][vc_row][vc_column][vc_column_text]<\/p>\n<p style=\"text-align: center; font-size: 18px; color: black;\"><strong>Historia firmy Digitel, dzia\u0142aj\u0105cej od 30 lat, jest naznaczona znacz\u0105cymi innowacjami<\/strong><\/p>\n<p>[\/vc_column_text]\t\t\t<!-- Cool Timeline Free V3.3.1 -->\n\t\t\t<div class=\"ctl-wrapper\" role=\"region\" aria-label=\"Timeline\">\n\t\t\t\t\t\t\t\t<div id=\"cool_timeline_1\" class=\"cool-timeline-wrapper ctl-both-sided ctl-vertical-wrapper\" >\n\t\t\t\t\t<div class=\"ctl-start\"><\/div>\n\t\t\t\t\t<!-- Timeline Container -->\n\t\t\t\t\t<div class=\"ctl-timeline ctl-timeline-container\" data-animation=\"none\">\n\t\t\t\t\t\t<!-- Center Line -->\n\t\t\t\t\t\t<div class=\"ctl-inner-line\" role=\"presentation\"><\/div>\n\t\t\t\t\t\t\t\t\t\t\t\t<!-- Story Year Section --><div data-cls=\"sc-nv-light vertical\" class=\"timeline-year scrollable-section ctl-year ctl-year-container light-year\" data-section-title=\"2021\" id=\"year-2021\"><div class=\"ctl-year-label ctl-year-text\"><span>2021<\/span><\/div><\/div><!-- Timeline Content --><div  id=\"ctl-story-4685\" class=\"ctl-story ctl-story-dot-icon odd ctl-story-right\" data-aos=\"none\"   data-story-index=\"1\" role=\"article\"><!-- Story Date --><div class=\"ctl-labels\"><div class=\"ctl-label-big story-date\">29 marca<\/div><\/div><!-- Story IconDot --><div class=\"ctl-icondot\"><\/div> <!-- Story Arrow --><div class=\"ctl-arrow\"><\/div><!-- Story Content --><div class=\"ctl-content\"><!-- Story Description --><div class=\"ctl-description\"><p>Zmiana w\u0142a\u015bciciela. Digitel pozostaje w r\u0119kach rodziny i zachowuje niezale\u017cno\u015b\u0107<\/p>\n<\/div><\/div><\/div><!-- Story Year Section --><div data-cls=\"sc-nv-light vertical\" class=\"timeline-year scrollable-section ctl-year ctl-year-container light-year\" data-section-title=\"2019\" id=\"year-2019\"><div class=\"ctl-year-label ctl-year-text\"><span>2019<\/span><\/div><\/div><!-- Timeline Content --><div  id=\"ctl-story-4682\" class=\"ctl-story ctl-story-dot-icon even ctl-story-left\" data-aos=\"none\"   data-story-index=\"2\" role=\"article\"><!-- Story Date --><div class=\"ctl-labels\"><div class=\"ctl-label-big story-date\">25 marca<\/div><\/div><!-- Story IconDot --><div class=\"ctl-icondot\"><\/div> <!-- Story Arrow --><div class=\"ctl-arrow\"><\/div><!-- Story Content --><div class=\"ctl-content\"><!-- Story Description --><div class=\"ctl-description\"><p>Aplikacja na smartfona do zdalnego zarz\u0105dzania, TelesWin mobile<\/p>\n<\/div><\/div><\/div><!-- Timeline Content --><div  id=\"ctl-story-4689\" class=\"ctl-story ctl-story-dot-icon odd ctl-story-right\" data-aos=\"none\"   data-story-index=\"3\" role=\"article\"><!-- Story Date --><div class=\"ctl-labels\"><div class=\"ctl-label-big story-date\">25 marca<\/div><\/div><!-- Story IconDot --><div class=\"ctl-icondot\"><\/div> <!-- Story Arrow --><div class=\"ctl-arrow\"><\/div><!-- Story Content --><div class=\"ctl-content\"><!-- Story Description --><div class=\"ctl-description\"><p>Programowalna funkcja kontrolera<\/p>\n<\/div><\/div><\/div><!-- Story Year Section --><div data-cls=\"sc-nv-light vertical\" class=\"timeline-year scrollable-section ctl-year ctl-year-container light-year\" data-section-title=\"2018\" id=\"year-2018\"><div class=\"ctl-year-label ctl-year-text\"><span>2018<\/span><\/div><\/div><!-- Timeline Content --><div  id=\"ctl-story-4679\" class=\"ctl-story ctl-story-dot-icon even ctl-story-left\" data-aos=\"none\"   data-story-index=\"4\" role=\"article\"><!-- Story Date --><div class=\"ctl-labels\"><div class=\"ctl-label-big story-date\">25 marca<\/div><\/div><!-- Story IconDot --><div class=\"ctl-icondot\"><\/div> <!-- Story Arrow --><div class=\"ctl-arrow\"><\/div><!-- Story Content --><div class=\"ctl-content\"><!-- Story Description --><div class=\"ctl-description\"><p>Algorytm sztucznej inteligencji do zarz\u0105dzania energi\u0105, AI_Energy<\/p>\n<\/div><\/div><\/div><!-- Story Year Section --><div data-cls=\"sc-nv-light vertical\" class=\"timeline-year scrollable-section ctl-year ctl-year-container light-year\" data-section-title=\"2015\" id=\"year-2015\"><div class=\"ctl-year-label ctl-year-text\"><span>2015<\/span><\/div><\/div><!-- Timeline Content --><div  id=\"ctl-story-4676\" class=\"ctl-story ctl-story-dot-icon odd ctl-story-right\" data-aos=\"none\"   data-story-index=\"5\" role=\"article\"><!-- Story Date --><div class=\"ctl-labels\"><div class=\"ctl-label-big story-date\">25 marca<\/div><\/div><!-- Story IconDot --><div class=\"ctl-icondot\"><\/div> <!-- Story Arrow --><div class=\"ctl-arrow\"><\/div><!-- Story Content --><div class=\"ctl-content\"><!-- Story Description --><div class=\"ctl-description\"><p>Rozporz\u0105dzenie w sprawie zarz\u0105dzania odzyskiem ciep\u0142a<\/p>\n<\/div><\/div><\/div><!-- Story Year Section --><div data-cls=\"sc-nv-light vertical\" class=\"timeline-year scrollable-section ctl-year ctl-year-container light-year\" data-section-title=\"2014\" id=\"year-2014\"><div class=\"ctl-year-label ctl-year-text\"><span>2014<\/span><\/div><\/div><!-- Timeline Content --><div  id=\"ctl-story-4673\" class=\"ctl-story ctl-story-dot-icon even ctl-story-left\" data-aos=\"none\"   data-story-index=\"6\" role=\"article\"><!-- Story Date --><div class=\"ctl-labels\"><div class=\"ctl-label-big story-date\">25 marca<\/div><\/div><!-- Story IconDot --><div class=\"ctl-icondot\"><\/div> <!-- Story Arrow --><div class=\"ctl-arrow\"><\/div><!-- Story Content --><div class=\"ctl-content\"><!-- Story Description --><div class=\"ctl-description\"><p>Rozporz\u0105dzenie dla instalacji transkrytycznych CO2<\/p>\n<\/div><\/div><\/div><!-- Story Year Section --><div data-cls=\"sc-nv-light vertical\" class=\"timeline-year scrollable-section ctl-year ctl-year-container light-year\" data-section-title=\"2013\" id=\"year-2013\"><div class=\"ctl-year-label ctl-year-text\"><span>2013<\/span><\/div><\/div><!-- Timeline Content --><div  id=\"ctl-story-4670\" class=\"ctl-story ctl-story-dot-icon odd ctl-story-right\" data-aos=\"none\"   data-story-index=\"7\" role=\"article\"><!-- Story Date --><div class=\"ctl-labels\"><div class=\"ctl-label-big story-date\">25 marca<\/div><\/div><!-- Story IconDot --><div class=\"ctl-icondot\"><\/div> <!-- Story Arrow --><div class=\"ctl-arrow\"><\/div><!-- Story Content --><div class=\"ctl-content\"><!-- Story Description --><div class=\"ctl-description\"><p>Nowa linia produkt\u00f3w, Newel 3<\/p>\n<\/div><\/div><\/div><!-- Story Year Section --><div data-cls=\"sc-nv-light vertical\" class=\"timeline-year scrollable-section ctl-year ctl-year-container light-year\" data-section-title=\"2011\" id=\"year-2011\"><div class=\"ctl-year-label ctl-year-text\"><span>2011<\/span><\/div><\/div><!-- Timeline Content --><div  id=\"ctl-story-4667\" class=\"ctl-story ctl-story-dot-icon even ctl-story-left\" data-aos=\"none\"   data-story-index=\"8\" role=\"article\"><!-- Story Date --><div class=\"ctl-labels\"><div class=\"ctl-label-big story-date\">25 marca<\/div><\/div><!-- Story IconDot --><div class=\"ctl-icondot\"><\/div> <!-- Story Arrow --><div class=\"ctl-arrow\"><\/div><!-- Story Content --><div class=\"ctl-content\"><!-- Story Description --><div class=\"ctl-description\"><p>DI58. Nowa jednostka centralna z portem Ethernet. Optymalizacja zdalnego zarz\u0105dzania przez Internet<\/p>\n<\/div><\/div><\/div><!-- Story Year Section --><div data-cls=\"sc-nv-light vertical\" class=\"timeline-year scrollable-section ctl-year ctl-year-container light-year\" data-section-title=\"2009\" id=\"year-2009\"><div class=\"ctl-year-label ctl-year-text\"><span>2009<\/span><\/div><\/div><!-- Timeline Content --><div  id=\"ctl-story-4664\" class=\"ctl-story ctl-story-dot-icon odd ctl-story-right\" data-aos=\"none\"   data-story-index=\"9\" role=\"article\"><!-- Story Date --><div class=\"ctl-labels\"><div class=\"ctl-label-big story-date\">1 marca<\/div><\/div><!-- Story IconDot --><div class=\"ctl-icondot\"><\/div> <!-- Story Arrow --><div class=\"ctl-arrow\"><\/div><!-- Story Content --><div class=\"ctl-content\"><!-- Story Description --><div class=\"ctl-description\"><p>Nowe funkcje oszcz\u0119dzania energii: Interact, HP-, BP-floating, ogrzewanie okien<\/p>\n<\/div><\/div><\/div><!-- Story Year Section --><div data-cls=\"sc-nv-light vertical\" class=\"timeline-year scrollable-section ctl-year ctl-year-container light-year\" data-section-title=\"2007\" id=\"year-2007\"><div class=\"ctl-year-label ctl-year-text\"><span>2007<\/span><\/div><\/div><!-- Timeline Content --><div  id=\"ctl-story-4661\" class=\"ctl-story ctl-story-dot-icon even ctl-story-left\" data-aos=\"none\"   data-story-index=\"10\" role=\"article\"><!-- Story Date --><div class=\"ctl-labels\"><div class=\"ctl-label-big story-date\">1 marca<\/div><\/div><!-- Story IconDot --><div class=\"ctl-icondot\"><\/div> <!-- Story Arrow --><div class=\"ctl-arrow\"><\/div><!-- Story Content --><div class=\"ctl-content\"><!-- Story Description --><div class=\"ctl-description\"><p>Nowe Produkty. Zarz\u0105dzanie pompami ciep\u0142a do basen\u00f3w, systemami odzysku ciep\u0142a i pompami no\u015bnika ciep\u0142a<\/p>\n<\/div><\/div><\/div><!-- Story Year Section --><div data-cls=\"sc-nv-light vertical\" class=\"timeline-year scrollable-section ctl-year ctl-year-container light-year\" data-section-title=\"2003\" id=\"year-2003\"><div class=\"ctl-year-label ctl-year-text\"><span>2003<\/span><\/div><\/div><!-- Timeline Content --><div  id=\"ctl-story-4658\" class=\"ctl-story ctl-story-dot-icon odd ctl-story-right\" data-aos=\"none\"   data-story-index=\"11\" role=\"article\"><!-- Story Date --><div class=\"ctl-labels\"><div class=\"ctl-label-big story-date\">1 marca<\/div><\/div><!-- Story IconDot --><div class=\"ctl-icondot\"><\/div> <!-- Story Arrow --><div class=\"ctl-arrow\"><\/div><!-- Story Content --><div class=\"ctl-content\"><!-- Story Description --><div class=\"ctl-description\"><p>Newel 2: globalny system zarz\u0105dzania budynkiem i integracja nowych technologii (LAN, WAN, Internet&#8230;)<\/p>\n<\/div><\/div><\/div><!-- Story Year Section --><div data-cls=\"sc-nv-light vertical\" class=\"timeline-year scrollable-section ctl-year ctl-year-container light-year\" data-section-title=\"2001\" id=\"year-2001\"><div class=\"ctl-year-label ctl-year-text\"><span>2001<\/span><\/div><\/div><!-- Timeline Content --><div  id=\"ctl-story-4655\" class=\"ctl-story ctl-story-dot-icon even ctl-story-left\" data-aos=\"none\"   data-story-index=\"12\" role=\"article\"><!-- Story Date --><div class=\"ctl-labels\"><div class=\"ctl-label-big story-date\">1 marca<\/div><\/div><!-- Story IconDot --><div class=\"ctl-icondot\"><\/div> <!-- Story Arrow --><div class=\"ctl-arrow\"><\/div><!-- Story Content --><div class=\"ctl-content\"><!-- Story Description --><div class=\"ctl-description\"><p>Digitel wsp\u00f3\u0142pracuje z WIT, europejskim liderem zdalnego zarz\u0105dzania<\/p>\n<\/div><\/div><\/div><!-- Story Year Section --><div data-cls=\"sc-nv-light vertical\" class=\"timeline-year scrollable-section ctl-year ctl-year-container light-year\" data-section-title=\"1999\" id=\"year-1999\"><div class=\"ctl-year-label ctl-year-text\"><span>1999<\/span><\/div><\/div><!-- Timeline Content --><div  id=\"ctl-story-4652\" class=\"ctl-story ctl-story-dot-icon odd ctl-story-right\" data-aos=\"none\"   data-story-index=\"13\" role=\"article\"><!-- Story Date --><div class=\"ctl-labels\"><div class=\"ctl-label-big story-date\">1 marca<\/div><\/div><!-- Story IconDot --><div class=\"ctl-icondot\"><\/div> <!-- Story Arrow --><div class=\"ctl-arrow\"><\/div><!-- Story Content --><div class=\"ctl-content\"><!-- Story Description --><div class=\"ctl-description\"><p>Teles staje si\u0119 TelesWin, aby zapewni\u0107 pe\u0142n\u0105 kompatybilno\u015b\u0107 z systemem Windows .<\/p>\n<\/div><\/div><\/div><!-- Story Year Section --><div data-cls=\"sc-nv-light vertical\" class=\"timeline-year scrollable-section ctl-year ctl-year-container light-year\" data-section-title=\"1996\" id=\"year-1996\"><div class=\"ctl-year-label ctl-year-text\"><span>1996<\/span><\/div><\/div><!-- Timeline Content --><div  id=\"ctl-story-4649\" class=\"ctl-story ctl-story-dot-icon even ctl-story-left\" data-aos=\"none\"   data-story-index=\"14\" role=\"article\"><!-- Story Date --><div class=\"ctl-labels\"><div class=\"ctl-label-big story-date\">1 marca<\/div><\/div><!-- Story IconDot --><div class=\"ctl-icondot\"><\/div> <!-- Story Arrow --><div class=\"ctl-arrow\"><\/div><!-- Story Content --><div class=\"ctl-content\"><!-- Story Description --><div class=\"ctl-description\"><p>Newel: nowa gama regulator\u00f3w do uniwersalnej regulacji<\/p>\n<\/div><\/div><\/div><!-- Story Year Section --><div data-cls=\"sc-nv-light vertical\" class=\"timeline-year scrollable-section ctl-year ctl-year-container light-year\" data-section-title=\"1993\" id=\"year-1993\"><div class=\"ctl-year-label ctl-year-text\"><span>1993<\/span><\/div><\/div><!-- Timeline Content --><div  id=\"ctl-story-4646\" class=\"ctl-story ctl-story-dot-icon odd ctl-story-right\" data-aos=\"none\"   data-story-index=\"15\" role=\"article\"><!-- Story Date --><div class=\"ctl-labels\"><div class=\"ctl-label-big story-date\">1 marca<\/div><\/div><!-- Story IconDot --><div class=\"ctl-icondot\"><\/div> <!-- Story Arrow --><div class=\"ctl-arrow\"><\/div><!-- Story Content --><div class=\"ctl-content\"><!-- Story Description --><div class=\"ctl-description\"><p>Oprogramowanie Teles do zdalnego monitorowania i zarz\u0105dzania<\/p>\n<\/div><\/div><\/div><!-- Story Year Section --><div data-cls=\"sc-nv-light vertical\" class=\"timeline-year scrollable-section ctl-year ctl-year-container light-year\" data-section-title=\"1990\" id=\"year-1990\"><div class=\"ctl-year-label ctl-year-text\"><span>1990<\/span><\/div><\/div><!-- Timeline Content --><div  id=\"ctl-story-4643\" class=\"ctl-story ctl-story-dot-icon even ctl-story-left\" data-aos=\"none\"   data-story-index=\"16\" role=\"article\"><!-- Story Date --><div class=\"ctl-labels\"><div class=\"ctl-label-big story-date\">1 stycznia<\/div><\/div><!-- Story IconDot --><div class=\"ctl-icondot\"><\/div> <!-- Story Arrow --><div class=\"ctl-arrow\"><\/div><!-- Story Content --><div class=\"ctl-content\"><!-- Story Description --><div class=\"ctl-description\"><p>Pierwsza seria produkt\u00f3w D19, kt\u00f3ra zrewolucjonizowa\u0142a \u015bwiat in\u017cynier\u00f3w ch\u0142odnictwa<\/p>\n<\/div><\/div><\/div><!-- Story Year Section --><div data-cls=\"sc-nv-light vertical\" class=\"timeline-year scrollable-section ctl-year ctl-year-container light-year\" data-section-title=\"1989\" id=\"year-1989\"><div class=\"ctl-year-label ctl-year-text\"><span>1989<\/span><\/div><\/div><!-- Timeline Content --><div  id=\"ctl-story-4640\" class=\"ctl-story ctl-story-dot-icon odd ctl-story-right\" data-aos=\"none\"   data-story-index=\"17\" role=\"article\"><!-- Story Date --><div class=\"ctl-labels\"><div class=\"ctl-label-big story-date\">1 stycznia<\/div><\/div><!-- Story IconDot --><div class=\"ctl-icondot\"><\/div> <!-- Story Arrow --><div class=\"ctl-arrow\"><\/div><!-- Story Content --><div class=\"ctl-content\"><!-- Story Description --><div class=\"ctl-description\"><p>Powstanie firmy Digitel<\/p>\n<\/div><\/div><\/div>\t\t\t\t\t<\/div>\n\t\t\t\t\t<div class=\"ctl-end\"><\/div>\n\t\t\t\t\t\t\t\t\t<\/div>\n\t\t\t<\/div>\n\t\t\t[\/vc_column][\/vc_row][vc_row bg_type=&#8221;image&#8221; parallax_style=&#8221;vcpb-default&#8221; bg_image_new=&#8221;id^2725|url^https:\/\/digitel.swiss\/wp-content\/uploads\/2021\/05\/Refrigeration-management_request-a-demo.jpg|caption^null|alt^null|title^Refrigeration-management_request-a-demo|description^null&#8221; bg_image_repeat=&#8221;no-repeat&#8221; bg_override=&#8221;ex-full&#8221; enable_overlay=&#8221;enable_overlay_value&#8221; overlay_color=&#8221;rgba(0,0,0,0.5)&#8221; css=&#8221;.vc_custom_1622721031087{padding-top: 70px !important;padding-bottom: 80px !important;}&#8221;][vc_column]<div id=\"ultimate-heading-642369f0a157ab35a\" class=\"uvc-heading ult-adjust-bottom-margin ultimate-heading-642369f0a157ab35a uvc-5035 \" data-hspacer=\"no_spacer\"  data-halign=\"left\" style=\"text-align:left\"><div class=\"uvc-heading-spacer no_spacer\" style=\"top\"><\/div><div class=\"uvc-sub-heading ult-responsive\"  data-ultimate-target='.uvc-heading.ultimate-heading-642369f0a157ab35a .uvc-sub-heading '  data-responsive-json-new='{\"font-size\":\"desktop:18px;\",\"line-height\":\"desktop:30px;\"}'  style=\"font-weight:normal;color:#ffffff;margin-bottom:30px;\"><\/p>\n<h3 style=\"color: white;\">Chcesz dowiedzie\u0107 si\u0119 wi\u0119cej?<\/h3>\n<p>Um\u00f3w si\u0119 z nami na pokaz na \u017cywo!<\/div><\/div><style type=\"text\/css\" data-type=\"the7_shortcodes-inline-css\">#default-btn-651189d0a4bb51288a54aeeee4b5a9e7.ico-right-side > i {\n  margin-right: 0px;\n  margin-left: 8px;\n}\n#default-btn-651189d0a4bb51288a54aeeee4b5a9e7 > i {\n  margin-right: 8px;\n}\n#default-btn-651189d0a4bb51288a54aeeee4b5a9e7 * {\n  vertical-align: middle;\n}<\/style><div class=\"btn-align-left\"><a href=\"https:\/\/digitel.swiss\/pl\/popros-o-demo\/\" class=\"default-btn-shortcode dt-btn dt-btn-m link-hover-off \" id=\"default-btn-651189d0a4bb51288a54aeeee4b5a9e7\"><span>Popro\u015b o demo<\/span><\/a><\/div>[\/vc_column][\/vc_row]<\/p>\n<\/div>","protected":false},"excerpt":{"rendered":"<p>[vc_row bg_type=&#8221;bg_color&#8221; bg_override=&#8221;ex-full&#8221; type=&#8221;vc_default&#8221; css=&#8221;.vc_custom_1688043336570{padding-top: 10px !important;padding-bottom: 10px !important;}&#8221; el_class=&#8221;smallmobilehalf&#8221;][vc_column css=&#8221;.vc_custom_1461848776706{border-radius: 1px !important;}&#8221;][vc_column_text] Dzia\u0142aj\u0105c od 1989 roku, Digitel SA jest dzi\u015b jednym z lider\u00f3w w dziedzinie regulacji i zdalnego zarz\u0105dzania systemami ch\u0142odniczymi. Firma posiada solidne portfolio klient\u00f3w w ca\u0142ej Europie i zrealizowa\u0142a ponad 3.000 instalacji w zakresie handlu detalicznego \u017cywno\u015bci\u0105, hoteli, restauracji, przemys\u0142u i zdrowia&hellip;<\/p>\n","protected":false},"author":1,"featured_media":0,"parent":0,"menu_order":0,"comment_status":"closed","ping_status":"closed","template":"","meta":{"_acf_changed":false,"footnotes":""},"class_list":["post-4714","page","type-page","status-publish","hentry","description-off"],"acf":[],"yoast_head":"<!-- This site is optimized with the Yoast SEO plugin v27.4 - https:\/\/yoast.com\/product\/yoast-seo-wordpress\/ -->\n<title>O nas - Digitel<\/title>\n<meta name=\"robots\" content=\"index, follow, max-snippet:-1, max-image-preview:large, max-video-preview:-1\" \/>\n<link rel=\"canonical\" href=\"https:\/\/digitel.swiss\/pl\/o-nas\/\" \/>\n<meta property=\"og:locale\" content=\"pl_PL\" \/>\n<meta property=\"og:type\" content=\"article\" \/>\n<meta property=\"og:title\" content=\"O nas - Digitel\" \/>\n<meta property=\"og:description\" content=\"[vc_row bg_type=&#8221;bg_color&#8221; bg_override=&#8221;ex-full&#8221; type=&#8221;vc_default&#8221; css=&#8221;.vc_custom_1688043336570{padding-top: 10px !important;padding-bottom: 10px !important;}&#8221; el_class=&#8221;smallmobilehalf&#8221;][vc_column css=&#8221;.vc_custom_1461848776706{border-radius: 1px !important;}&#8221;][vc_column_text] Dzia\u0142aj\u0105c od 1989 roku, Digitel SA jest dzi\u015b jednym z lider\u00f3w w dziedzinie regulacji i zdalnego zarz\u0105dzania systemami ch\u0142odniczymi. Firma posiada solidne portfolio klient\u00f3w w ca\u0142ej Europie i zrealizowa\u0142a ponad 3.000 instalacji w zakresie handlu detalicznego \u017cywno\u015bci\u0105, hoteli, restauracji, przemys\u0142u i zdrowia&hellip;\" \/>\n<meta property=\"og:url\" content=\"https:\/\/digitel.swiss\/pl\/o-nas\/\" \/>\n<meta property=\"og:site_name\" content=\"Digitel\" \/>\n<meta property=\"article:modified_time\" content=\"2023-06-30T08:33:11+00:00\" \/>\n<meta property=\"og:image\" content=\"https:\/\/digitel.swiss\/wp-content\/uploads\/2021\/06\/easy-2.png\" \/>\n<meta name=\"twitter:card\" content=\"summary_large_image\" \/>\n<meta name=\"twitter:label1\" content=\"Szacowany czas czytania\" \/>\n\t<meta name=\"twitter:data1\" content=\"3 minuty\" \/>\n<script type=\"application\/ld+json\" class=\"yoast-schema-graph\">{\"@context\":\"https:\\\/\\\/schema.org\",\"@graph\":[{\"@type\":\"WebPage\",\"@id\":\"https:\\\/\\\/digitel.swiss\\\/pl\\\/o-nas\\\/\",\"url\":\"https:\\\/\\\/digitel.swiss\\\/pl\\\/o-nas\\\/\",\"name\":\"O nas - Digitel\",\"isPartOf\":{\"@id\":\"https:\\\/\\\/digitel.swiss\\\/#website\"},\"primaryImageOfPage\":{\"@id\":\"https:\\\/\\\/digitel.swiss\\\/pl\\\/o-nas\\\/#primaryimage\"},\"image\":{\"@id\":\"https:\\\/\\\/digitel.swiss\\\/pl\\\/o-nas\\\/#primaryimage\"},\"thumbnailUrl\":\"https:\\\/\\\/digitel.swiss\\\/wp-content\\\/uploads\\\/2021\\\/06\\\/easy-2.png\",\"datePublished\":\"2021-06-16T06:36:41+00:00\",\"dateModified\":\"2023-06-30T08:33:11+00:00\",\"breadcrumb\":{\"@id\":\"https:\\\/\\\/digitel.swiss\\\/pl\\\/o-nas\\\/#breadcrumb\"},\"inLanguage\":\"pl-PL\",\"potentialAction\":[{\"@type\":\"ReadAction\",\"target\":[\"https:\\\/\\\/digitel.swiss\\\/pl\\\/o-nas\\\/\"]}]},{\"@type\":\"ImageObject\",\"inLanguage\":\"pl-PL\",\"@id\":\"https:\\\/\\\/digitel.swiss\\\/pl\\\/o-nas\\\/#primaryimage\",\"url\":\"https:\\\/\\\/digitel.swiss\\\/wp-content\\\/uploads\\\/2021\\\/06\\\/easy-2.png\",\"contentUrl\":\"https:\\\/\\\/digitel.swiss\\\/wp-content\\\/uploads\\\/2021\\\/06\\\/easy-2.png\"},{\"@type\":\"BreadcrumbList\",\"@id\":\"https:\\\/\\\/digitel.swiss\\\/pl\\\/o-nas\\\/#breadcrumb\",\"itemListElement\":[{\"@type\":\"ListItem\",\"position\":1,\"name\":\"Home\",\"item\":\"https:\\\/\\\/digitel.swiss\\\/pl\\\/\"},{\"@type\":\"ListItem\",\"position\":2,\"name\":\"O nas\"}]},{\"@type\":\"WebSite\",\"@id\":\"https:\\\/\\\/digitel.swiss\\\/#website\",\"url\":\"https:\\\/\\\/digitel.swiss\\\/\",\"name\":\"Digitel\",\"description\":\"Rozwi\u0105zanie elektroniczne\",\"publisher\":{\"@id\":\"https:\\\/\\\/digitel.swiss\\\/#organization\"},\"potentialAction\":[{\"@type\":\"SearchAction\",\"target\":{\"@type\":\"EntryPoint\",\"urlTemplate\":\"https:\\\/\\\/digitel.swiss\\\/?s={search_term_string}\"},\"query-input\":{\"@type\":\"PropertyValueSpecification\",\"valueRequired\":true,\"valueName\":\"search_term_string\"}}],\"inLanguage\":\"pl-PL\"},{\"@type\":\"Organization\",\"@id\":\"https:\\\/\\\/digitel.swiss\\\/#organization\",\"name\":\"Digitel Swiss\",\"url\":\"https:\\\/\\\/digitel.swiss\\\/\",\"logo\":{\"@type\":\"ImageObject\",\"inLanguage\":\"pl-PL\",\"@id\":\"https:\\\/\\\/digitel.swiss\\\/#\\\/schema\\\/logo\\\/image\\\/\",\"url\":\"https:\\\/\\\/digitel.swiss\\\/wp-content\\\/uploads\\\/2021\\\/03\\\/Logo-Digitel_170.png\",\"contentUrl\":\"https:\\\/\\\/digitel.swiss\\\/wp-content\\\/uploads\\\/2021\\\/03\\\/Logo-Digitel_170.png\",\"width\":170,\"height\":60,\"caption\":\"Digitel Swiss\"},\"image\":{\"@id\":\"https:\\\/\\\/digitel.swiss\\\/#\\\/schema\\\/logo\\\/image\\\/\"}}]}<\/script>\n<!-- \/ Yoast SEO plugin. -->","yoast_head_json":{"title":"O nas - Digitel","robots":{"index":"index","follow":"follow","max-snippet":"max-snippet:-1","max-image-preview":"max-image-preview:large","max-video-preview":"max-video-preview:-1"},"canonical":"https:\/\/digitel.swiss\/pl\/o-nas\/","og_locale":"pl_PL","og_type":"article","og_title":"O nas - Digitel","og_description":"[vc_row bg_type=&#8221;bg_color&#8221; bg_override=&#8221;ex-full&#8221; type=&#8221;vc_default&#8221; css=&#8221;.vc_custom_1688043336570{padding-top: 10px !important;padding-bottom: 10px !important;}&#8221; el_class=&#8221;smallmobilehalf&#8221;][vc_column css=&#8221;.vc_custom_1461848776706{border-radius: 1px !important;}&#8221;][vc_column_text] Dzia\u0142aj\u0105c od 1989 roku, Digitel SA jest dzi\u015b jednym z lider\u00f3w w dziedzinie regulacji i zdalnego zarz\u0105dzania systemami ch\u0142odniczymi. Firma posiada solidne portfolio klient\u00f3w w ca\u0142ej Europie i zrealizowa\u0142a ponad 3.000 instalacji w zakresie handlu detalicznego \u017cywno\u015bci\u0105, hoteli, restauracji, przemys\u0142u i zdrowia&hellip;","og_url":"https:\/\/digitel.swiss\/pl\/o-nas\/","og_site_name":"Digitel","article_modified_time":"2023-06-30T08:33:11+00:00","og_image":[{"url":"https:\/\/digitel.swiss\/wp-content\/uploads\/2021\/06\/easy-2.png","type":"","width":"","height":""}],"twitter_card":"summary_large_image","twitter_misc":{"Szacowany czas czytania":"3 minuty"},"schema":{"@context":"https:\/\/schema.org","@graph":[{"@type":"WebPage","@id":"https:\/\/digitel.swiss\/pl\/o-nas\/","url":"https:\/\/digitel.swiss\/pl\/o-nas\/","name":"O nas - Digitel","isPartOf":{"@id":"https:\/\/digitel.swiss\/#website"},"primaryImageOfPage":{"@id":"https:\/\/digitel.swiss\/pl\/o-nas\/#primaryimage"},"image":{"@id":"https:\/\/digitel.swiss\/pl\/o-nas\/#primaryimage"},"thumbnailUrl":"https:\/\/digitel.swiss\/wp-content\/uploads\/2021\/06\/easy-2.png","datePublished":"2021-06-16T06:36:41+00:00","dateModified":"2023-06-30T08:33:11+00:00","breadcrumb":{"@id":"https:\/\/digitel.swiss\/pl\/o-nas\/#breadcrumb"},"inLanguage":"pl-PL","potentialAction":[{"@type":"ReadAction","target":["https:\/\/digitel.swiss\/pl\/o-nas\/"]}]},{"@type":"ImageObject","inLanguage":"pl-PL","@id":"https:\/\/digitel.swiss\/pl\/o-nas\/#primaryimage","url":"https:\/\/digitel.swiss\/wp-content\/uploads\/2021\/06\/easy-2.png","contentUrl":"https:\/\/digitel.swiss\/wp-content\/uploads\/2021\/06\/easy-2.png"},{"@type":"BreadcrumbList","@id":"https:\/\/digitel.swiss\/pl\/o-nas\/#breadcrumb","itemListElement":[{"@type":"ListItem","position":1,"name":"Home","item":"https:\/\/digitel.swiss\/pl\/"},{"@type":"ListItem","position":2,"name":"O nas"}]},{"@type":"WebSite","@id":"https:\/\/digitel.swiss\/#website","url":"https:\/\/digitel.swiss\/","name":"Digitel","description":"Rozwi\u0105zanie elektroniczne","publisher":{"@id":"https:\/\/digitel.swiss\/#organization"},"potentialAction":[{"@type":"SearchAction","target":{"@type":"EntryPoint","urlTemplate":"https:\/\/digitel.swiss\/?s={search_term_string}"},"query-input":{"@type":"PropertyValueSpecification","valueRequired":true,"valueName":"search_term_string"}}],"inLanguage":"pl-PL"},{"@type":"Organization","@id":"https:\/\/digitel.swiss\/#organization","name":"Digitel Swiss","url":"https:\/\/digitel.swiss\/","logo":{"@type":"ImageObject","inLanguage":"pl-PL","@id":"https:\/\/digitel.swiss\/#\/schema\/logo\/image\/","url":"https:\/\/digitel.swiss\/wp-content\/uploads\/2021\/03\/Logo-Digitel_170.png","contentUrl":"https:\/\/digitel.swiss\/wp-content\/uploads\/2021\/03\/Logo-Digitel_170.png","width":170,"height":60,"caption":"Digitel Swiss"},"image":{"@id":"https:\/\/digitel.swiss\/#\/schema\/logo\/image\/"}}]}},"_links":{"self":[{"href":"https:\/\/digitel.swiss\/pl\/wp-json\/wp\/v2\/pages\/4714","targetHints":{"allow":["GET"]}}],"collection":[{"href":"https:\/\/digitel.swiss\/pl\/wp-json\/wp\/v2\/pages"}],"about":[{"href":"https:\/\/digitel.swiss\/pl\/wp-json\/wp\/v2\/types\/page"}],"author":[{"embeddable":true,"href":"https:\/\/digitel.swiss\/pl\/wp-json\/wp\/v2\/users\/1"}],"replies":[{"embeddable":true,"href":"https:\/\/digitel.swiss\/pl\/wp-json\/wp\/v2\/comments?post=4714"}],"version-history":[{"count":8,"href":"https:\/\/digitel.swiss\/pl\/wp-json\/wp\/v2\/pages\/4714\/revisions"}],"predecessor-version":[{"id":13970,"href":"https:\/\/digitel.swiss\/pl\/wp-json\/wp\/v2\/pages\/4714\/revisions\/13970"}],"wp:attachment":[{"href":"https:\/\/digitel.swiss\/pl\/wp-json\/wp\/v2\/media?parent=4714"}],"curies":[{"name":"wp","href":"https:\/\/api.w.org\/{rel}","templated":true}]}}